{"id":6561,"date":"2019-06-18T15:07:18","date_gmt":"2019-06-18T15:07:18","guid":{"rendered":"https:\/\/www.europaforum2019.ee\/?page_id=6561"},"modified":"2019-07-30T16:29:05","modified_gmt":"2019-07-30T16:29:05","slug":"pid-appeal","status":"publish","type":"page","link":"https:\/\/www.europaforum2019.ee\/fr\/pid-appeal\/","title":{"rendered":"PID appeal"},"content":{"rendered":"<p>[vc_row css=&#8221;.vc_custom_1528724670702{background-color: #f5f3f2 !important;}&#8221;][vc_column][vc_row_inner type=&#8221;boxed&#8221;][vc_column_inner][vc_column_text]<\/p>\n<p><strong><span style=\"color: #3c64a4; font-size: 14pt;\">March\u00e9 d\u2019Id\u00e9es \u2013 Id\u00e9es Cr\u00e9atives d\u2019Innovation ouverte!<\/span><\/strong><br \/>\n<strong><span style=\"color: #3c64a4; font-size: 14pt;\">CHERS AMIS!<\/span><\/strong><\/p>\n<p>Au nom des Lions et L\u00e9os Estoniens, organisateurs du Forum Lions Europa 2019, nous aimerions vous inviter \u00e0 participer au March\u00e9 des Id\u00e9es \u00e0 Tallinn, en Estonie!<\/p>\n<p>Rejoignez-nous via nos r\u00e9seaux sociaux, notre page d\u2019accueil et nos contacts directs avec les Lions et les L\u00e9os Estoniens. Impliquez vos amis de votre club et au-del\u00e0 pour vous assurer qu\u2019ils ne manqueront pas cet \u00e9v\u00e9nement ! Ensemble, nous pouvons faire fonctionner ces connexions.<\/p>\n<p>Renfor\u00e7ons nos amiti\u00e9s!<\/p>\n<p>Ensemble, nous allons honorer les traditions anciennes mais aussi les m\u00e9langer avec des id\u00e9es neuves.<\/p>\n<p>Comme dans notre petite Estonie &#8211; un lieu o\u00f9 l\u2019histoire rencontre le futur, o\u00f9 l\u2019air pur, une nature intacte et de courtes distances s\u2019allient \u00e0 la gentillesse de la population et au nouvel \u00e9tat d\u2019esprit novateur : Skype, r\u00e9sidence \u00e9lectronique, Transferwise et tous les autres projets inventifs qui visent \u00e0 changer le monde.<br \/>\nC\u2019est \u00e9galement notre attitude que nous souhaitons apporter \u00e0 notre Forum Europa \u00e0 Tallinn: id\u00e9es neuves, accueil chaleureux et actions claires.<br \/>\nUtilisons notre intelligence collective, partageons nos exp\u00e9riences et nos id\u00e9es pour que quiconque qui ait besoin de nous sache qu&#8217;il existe toujours un moyen d\u2019y parvenir.<\/p>\n<p>Le March\u00e9 des Id\u00e9es sera ouvert en Octobre 2019 \u00e0 Tallinn, en Estonie.<br \/>\nCe sera un \u00e9v\u00e9nement \u00e0 ne pas manquer : l&#8217;\u00e9chauffement dans l&#8217;historique Centre<br \/>\nCr\u00e9atif Kultuurikatel \u00e0 Tallinn, une r\u00e9ception en soir\u00e9e \u00e0 c\u00f4t\u00e9 d&#8217;un sous-marin l\u00e9gendaire, une parade des Lions et un chant commun seront des choses \u00e0 ne jamais oublier!<\/p>\n<p>Rendez-vous au March\u00e9 des Id\u00e9es !<\/p>\n<p>&nbsp;<\/p>\n<p style=\"text-align: left;\">PID Kalle Elster\u00a0<span style=\"color: #f0f0f0;\">aaaaaaaaaaaaaaaaaaaaaaaaaaaaaaaaaaaaaaaaaaaaaaaaaaaaaaa<\/span> DG M\u00e4rt Viileberg<\/p>\n<p style=\"text-align: left;\">EF2019 President<span style=\"color: #f0f0f0;\"> aaaaaaaaaaaaaaaaaaaaaaaaaaaaaaaaaaaaaaaaaaaaaaaaaaaaa <\/span>EF2019 Directeur du Programme<\/p>\n<p style=\"text-align: left;\">LC Keila \u2013 SD120\u00a0<span style=\"color: #f0f0f0;\">aaaaaaaaaaaaaaaaaaaaaaaaaaaaaaaaaaaaaaaaaaaaaaaaaaaaaa <\/span>LC Tallinn RaM, SD120<\/p>\n<p>[\/vc_column_text][\/vc_column_inner][\/vc_row_inner][\/vc_column][\/vc_row][vc_row css=&#8221;.vc_custom_1528789133475{background-color: #fdc924 !important;}&#8221;][vc_column width=&#8221;1\/2&#8243;][\/vc_column][vc_column width=&#8221;1\/2&#8243;][\/vc_column][\/vc_row]<\/p>\n","protected":false},"excerpt":{"rendered":"<p>[vc_row css=&#8221;.vc_custom_1528724670702{background-color: #f5f3f2 !important;}&#8221;][vc_column][vc_row_inner type=&#8221;boxed&#8221;][vc_column_inner][vc_column_text] March\u00e9 d\u2019Id\u00e9es \u2013 Id\u00e9es Cr\u00e9atives d\u2019Innovation ouverte! CHERS AMIS! Au nom des Lions et L\u00e9os Estoniens, organisateurs du Forum Lions Europa 2019, nous aimerions vous inviter \u00e0 participer au March\u00e9 des Id\u00e9es \u00e0 Tallinn, en Estonie! Rejoignez-nous via nos r\u00e9seaux sociaux, notre page d\u2019accueil et nos contacts directs avec les [&hellip;]<\/p>\n","protected":false},"author":2,"featured_media":0,"parent":0,"menu_order":0,"comment_status":"closed","ping_status":"closed","template":"page-full-width.php","meta":[],"categories":[],"tags":[],"_links":{"self":[{"href":"https:\/\/www.europaforum2019.ee\/fr\/wp-json\/wp\/v2\/pages\/6561"}],"collection":[{"href":"https:\/\/www.europaforum2019.ee\/fr\/wp-json\/wp\/v2\/pages"}],"about":[{"href":"https:\/\/www.europaforum2019.ee\/fr\/wp-json\/wp\/v2\/types\/page"}],"author":[{"embeddable":true,"href":"https:\/\/www.europaforum2019.ee\/fr\/wp-json\/wp\/v2\/users\/2"}],"replies":[{"embeddable":true,"href":"https:\/\/www.europaforum2019.ee\/fr\/wp-json\/wp\/v2\/comments?post=6561"}],"version-history":[{"count":5,"href":"https:\/\/www.europaforum2019.ee\/fr\/wp-json\/wp\/v2\/pages\/6561\/revisions"}],"predecessor-version":[{"id":6926,"href":"https:\/\/www.europaforum2019.ee\/fr\/wp-json\/wp\/v2\/pages\/6561\/revisions\/6926"}],"wp:attachment":[{"href":"https:\/\/www.europaforum2019.ee\/fr\/wp-json\/wp\/v2\/media?parent=6561"}],"wp:term":[{"taxonomy":"category","embeddable":true,"href":"https:\/\/www.europaforum2019.ee\/fr\/wp-json\/wp\/v2\/categories?post=6561"},{"taxonomy":"post_tag","embeddable":true,"href":"https:\/\/www.europaforum2019.ee\/fr\/wp-json\/wp\/v2\/tags?post=6561"}],"curies":[{"name":"wp","href":"https:\/\/api.w.org\/{rel}","templated":true}]}}