{"id":2780,"date":"2018-10-18T17:23:02","date_gmt":"2018-10-18T17:23:02","guid":{"rendered":"http:\/\/www.europaforum2019.ee\/?page_id=2780"},"modified":"2019-09-21T16:21:51","modified_gmt":"2019-09-21T16:21:51","slug":"tours","status":"publish","type":"page","link":"https:\/\/www.europaforum2019.ee\/fi\/tours\/","title":{"rendered":"Matkat"},"content":{"rendered":"<p>[vc_row css=&#8221;.vc_custom_1530193633877{background-color: #ffffff !important;}&#8221;][vc_column][vc_row_inner type=&#8221;boxed&#8221;][vc_column_inner width=&#8221;1\/2&#8243;][vc_single_image image=&#8221;562&#8243; img_size=&#8221;full&#8221; alignment=&#8221;center&#8221;][vc_column_text]<\/p>\n<p style=\"text-align: center;\"><span style=\"color: #3c64a4;\"><strong>LEO BIRGITH KUTSUU TEID\u00c4T 3 P\u00c4IV\u00c4N<\/strong><\/span><br \/>\n<span style=\"color: #3c64a4;\"><strong>PRE-FORUM KIERROKSELLE<\/strong><\/span><br \/>\n<span style=\"color: #3c64a4; font-size: 14pt;\"><strong>YLIOPISTOKAUPUNKI TARTTOON!<\/strong><\/span><\/p>\n<p style=\"text-align: center;\"><strong>1-3. lokakuuta 2019<\/strong><\/p>\n<p>&nbsp;<\/p>\n<p><img loading=\"lazy\" class=\"aligncenter wp-image-591 size-full\" src=\"https:\/\/www.europaforum2019.ee\/wp-content\/uploads\/2018\/09\/birgith.png\" alt=\"\" width=\"345\" height=\"195\" srcset=\"https:\/\/www.europaforum2019.ee\/wp-content\/uploads\/2018\/09\/birgith.png 345w, https:\/\/www.europaforum2019.ee\/wp-content\/uploads\/2018\/09\/birgith-300x170.png 300w\" sizes=\"(max-width: 345px) 100vw, 345px\" \/><\/p>\n<p>Matkalla Tarttoon vierailemme Lahemaa National Park:issa, joka antaa autenttisen silm\u00e4yksen Viron luonnon ja kulttuurin maisemiin, Rakveren h\u00e4mm\u00e4stytt\u00e4viin 13 vuosisadan linnan raunoihin, Peipsin vanhojen kristikansojen kyliin, Alatskivi linnaan. Matkalla takaisin Tallinnaan voit tutustua erilaisiin pajoihin ja niiden aktiviteetteihin: sepitt\u00e4miseen, k\u00e4sit\u00f6ihin, pellava- ja paikkaust\u00f6ihin.<\/p>\n<p>Birgith ja h\u00e4nen LEO yst\u00e4v\u00e4ns\u00e4 kutsuvat sinut rentouttavalle purjehdukselle Emaj\u00f5gi joelle Hansa puualus J\u00f5mmulla kansallislaulujen ja Leojen herkullisten kotitekoisten keksien kanssa.<\/p>\n<p>T\u00e4m\u00e4 matka tulee olemaan unohtumaton \u2013 \u00e4l\u00e4 j\u00e4\u00e4 kyydist\u00e4!<\/p>\n<p><strong><span style=\"color: #3c64a4;\">PAKETTIHINTA 1 HENKIL\u00d6LLE KAKSOISHUONEESSA\u00a0 385\u20ac.<\/span><\/strong><br \/>\nYksitt\u00e4ist\u00e4ydennys 90 EUR<\/p>\n<p><span style=\"color: #3c64a4; font-size: 10pt;\"><span style=\"font-size: 12pt;\"><span style=\"color: #3c64a4;\">Hinta sis\u00e4lt\u00e4\u00e4<\/span>:<\/span> <\/span><\/p>\n<ul>\n<li><span style=\"font-size: 10pt;\">2 y\u00f6n majoituksen Tartu 4* hotellissa<\/span><\/li>\n<li><span style=\"font-size: 10pt;\">t\u00e4ysihoidon (sis. aamiainen, lounas ja illallinen)<\/span><\/li>\n<li><span style=\"font-size: 10pt;\">opastetut kierrokset<\/span><\/li>\n<li><span style=\"font-size: 10pt;\">K\u00e4ynnin Viron kansallismuseossa<\/span><\/li>\n<li><span style=\"font-size: 10pt;\">purjehduksen Emaj\u00f5gi joella<\/span><\/li>\n<li><span style=\"font-size: 10pt;\">Olustvere Manor pajan<\/span><\/li>\n<li><span style=\"font-size: 10pt;\">bussipalvelut matkan ajan<\/span><\/li>\n<\/ul>\n<p><span style=\"color: #3c64a4;\">Tartto on 190 km Tallinnasta kaakkoon ja matka on suunniteltu 3 p\u00e4iv\u00e4ksi.<\/span><\/p>\n<p>Kaipaatko lis\u00e4tietoa? <span style=\"color: #3c64a4;\"><strong><a href=\"https:\/\/www.europaforum2019.ee\/wp-content\/uploads\/2018\/11\/Tartu-FIN.pdf\">Lue t\u00e4\u00e4lt\u00e4!<\/a>\u00a0<\/strong><\/span><\/p>\n<p>[\/vc_column_text][vc_btn title=&#8221;Rekister\u00f6ityminen: Klikkaa t\u00e4st\u00e4!&#8221; color=&#8221;orange&#8221; size=&#8221;lg&#8221; align=&#8221;center&#8221; el_class=&#8221;tours-button&#8221; link=&#8221;url:https%3A%2F%2Fwww.conference-expert.eu%2Ffi%2Flef2019fi%2Fen%2Fconferences%2Fs2%2F481-lions-2019-europaforum||target:%20_blank|&#8221;][\/vc_column_inner][vc_column_inner width=&#8221;1\/2&#8243;][vc_single_image image=&#8221;557&#8243; img_size=&#8221;full&#8221; alignment=&#8221;center&#8221;][vc_column_text]<\/p>\n<p style=\"text-align: center;\"><strong><span style=\"color: #3c64a4;\">LION PRIIT KUTSUU TEID\u00c4T <\/span><\/strong><br \/>\n<strong><span style=\"color: #3c64a4;\">L\u00d6YT\u00c4M\u00c4\u00c4N BALTIAN HELMET \u2013<\/span><\/strong><br \/>\n<span style=\"color: #3c64a4; font-size: 14pt;\"><strong>TALLINNAN, RIIKAN, VILNAN<\/strong><\/span><\/p>\n<p style=\"text-align: center;\"><strong>7-10 lokakuuta 2019<\/strong><\/p>\n<p><img loading=\"lazy\" class=\"alignnone wp-image-594 size-full\" src=\"https:\/\/www.europaforum2019.ee\/wp-content\/uploads\/2018\/09\/priit.png\" alt=\"\" width=\"348\" height=\"253\" srcset=\"https:\/\/www.europaforum2019.ee\/wp-content\/uploads\/2018\/09\/priit.png 348w, https:\/\/www.europaforum2019.ee\/wp-content\/uploads\/2018\/09\/priit-300x218.png 300w\" sizes=\"(max-width: 348px) 100vw, 348px\" \/><\/p>\n<p>Lion Priit: Matka Baltian halki antaa teille vilauksen moninaisesta kulttuurista ja kolmen maan hienosta tunnelmasta jotka ovat niin l\u00e4hekk\u00e4in mutta silti erilaisia. Forumin aikana nautittuanne Tallinnasta esittelen teille h\u00e4ik\u00e4isev\u00e4n jugend kaupunki Riikan, joka sijaitsee Daugava-joen suulla ja jolla on muinainen historia ja rikas kulttuuriperint\u00f6.\u00a0\u00a0Vierailemme my\u00f6s barokkikaupunki Vilnassa, kaupungissa jolla on mahtava vetovoima ja Euroopan suurin barokkikaupunki syd\u00e4mess\u00e4\u00e4n.<\/p>\n<p>3 p\u00e4iv\u00e4n matkamme aikana tutustutte my\u00f6s P\u00e4rnuun, Siguldaan, Siauliaihin ja Trakaihin, vierailette unohtumattomissa paikoissa kuten\u2018Jumalan Puutarhassa\u2019 \u2013 Turaida linnassa ja Galv\u0117 j\u00e4rvell\u00e4, n\u00e4ette 100 000 risti\u00e4 joka kasvaa yh\u00e4. \u00c4l\u00e4 j\u00e4\u00e4 kyydist\u00e4!<\/p>\n<p><span style=\"color: #3c64a4;\"><strong>PAKETTIHINTA YHDELLE HENKIL\u00d6LLE KAKSOISHUONEESSA 355\u20ac<\/strong><\/span><\/p>\n<p>Yksitt\u00e4ist\u00e4ydennys 130\u20ac<\/p>\n<p><span style=\"color: #3c64a4;\">Hinta sis\u00e4lt\u00e4\u00e4:<\/span><\/p>\n<ul>\n<li><span style=\"font-size: 10pt;\">3 y\u00f6n majoituksen4* hotellissa<\/span><\/li>\n<li><span style=\"font-size: 10pt;\">t\u00e4yden palvelun (sis\u00e4lt\u00e4\u00e4 aamiaisen, lounaan ja illallisen)<\/span><\/li>\n<li><span style=\"font-size: 10pt;\">kaupunkikierrokset<\/span><\/li>\n<li><span style=\"font-size: 10pt;\">Ristien kukkulan<\/span><\/li>\n<li><span style=\"font-size: 10pt;\">sis\u00e4\u00e4np\u00e4\u00e4syt ja opaspalvelut<\/span><\/li>\n<li><span style=\"font-size: 10pt;\">Bussipalvelut matkan ajan<\/span><\/li>\n<\/ul>\n<p><span style=\"color: #3c64a4;\">Riika on 311 km Tallinnasta, Vilna 288 km Riikasta. Kiertue alkaa 7. lokakuuta 2019 Tallinnasta ja p\u00e4\u00e4ttyy 10.lokakuuta\u00a0Vilnaan.<\/span><\/p>\n<p>Tarvitsetko lis\u00e4tietoa?\u00a0 \u00a0<a href=\"https:\/\/www.europaforum2019.ee\/wp-content\/uploads\/2018\/11\/Baltic-Pearls-FIN.pdf\" target=\"_blank\" rel=\"noopener\"><strong><span style=\"color: #3c64a4;\">Lue t\u00e4\u00e4lt\u00e4!<\/span><\/strong><\/a>\u00a0[\/vc_column_text][vc_btn title=&#8221;Rekister\u00f6ityminen: Klikkaa t\u00e4st\u00e4&#8221; color=&#8221;orange&#8221; size=&#8221;lg&#8221; align=&#8221;center&#8221; el_class=&#8221;tours-button&#8221; link=&#8221;url:https%3A%2F%2Fwww.conference-expert.eu%2Ffi%2Flef2019fi%2Fen%2Fconferences%2Fs2%2F481-lions-2019-europaforum||target:%20_blank|&#8221;][\/vc_column_inner][\/vc_row_inner][vc_separator][vc_row_inner type=&#8221;boxed&#8221;][vc_column_inner width=&#8221;1\/3&#8243;][vc_single_image image=&#8221;2877&#8243; img_size=&#8221;full&#8221;][vc_column_text]<\/p>\n<p style=\"text-align: center;\"><span style=\"color: #3c64a4;\"><strong>TALLINNAN VANHAN KAUPUNGIN K\u00c4VELYKIERROS<\/strong><\/span><\/p>\n<p style=\"text-align: center;\"><span style=\"color: #3c64a4;\">4.10 Perjantai<\/span><br \/>\n<span style=\"color: #3c64a4;\">9.00-12.00 (3 tuntia)<\/span><br \/>\n<span style=\"color: #3c64a4;\">K\u00e4vellen<\/span><br \/>\n<span style=\"font-size: 10pt;\">15 \u2013 20 henk\/per opas; min henk 10<\/span><br \/>\n<span style=\"color: #3c64a4;\"><strong>Hinta: 20 EUR\/per henk<\/strong><\/span><\/p>\n<p>Perustettu keskiajalla, t\u00e4m\u00e4n p\u00e4iv\u00e4n Tallinna on j\u00e4nnitt\u00e4v\u00e4 sekoitus uutta ja vanhaa.<\/p>\n<p>Tallinnan Vanha Kaupunki on yksi parhaiten s\u00e4ilyneist\u00e4 Hansa kaupunkikeskuksista maailmassa. Kivenheiton p\u00e4\u00e4st\u00e4 l\u00f6yd\u00e4t kaupungin bisneskeskuksen moderneine torneineen ja hotelleineen, trendikk\u00e4ine naapurustoineen ja suurine kauppakeskuksineen.<\/p>\n<p>T\u00e4m\u00e4 k\u00e4velykierros on hieno tapa ensikertalaisille tutustua Tallinnaan. K\u00e4velykierros vie sinut UNESCO Maailman Perint\u00f6 kohteen Tallinnan Vanhan Kaupungin l\u00e4pi, ja k\u00e4yt my\u00f6s Aleksander Nevskin Katedraalissa ja Kupoli Kirkossa (jos mahdollista).<\/p>\n<p>Kierros p\u00e4\u00e4ttyy Kaupungintalon aukiolla.<\/p>\n<p><span style=\"color: #000000; font-size: 8pt;\">Kuva:\u00a0<\/span><span style=\"color: #999999;\"><span style=\"color: #000000; font-size: 8pt;\">Kaupo Kalda,\u00a0visittallinn.ee\u00a0<\/span><\/span>[\/vc_column_text][vc_btn title=&#8221;Rekister\u00f6ityminen: Klikkaa t\u00e4st\u00e4!&#8221; color=&#8221;orange&#8221; size=&#8221;lg&#8221; align=&#8221;center&#8221; el_class=&#8221;tours-button&#8221; link=&#8221;url:https%3A%2F%2Fwww.conference-expert.eu%2Ffi%2Flef2019fi%2Fen%2Fconferences%2Fs2%2F481-lions-2019-europaforum||target:%20_blank|&#8221;][\/vc_column_inner][vc_column_inner width=&#8221;1\/3&#8243;][vc_single_image image=&#8221;250&#8243; img_size=&#8221;full&#8221;][vc_column_text]<\/p>\n<p align=\"center\"><span style=\"color: #3c64a4;\"><b><span lang=\"EN-US\"><span style=\"font-family: Calibri;\">SUOK\u00c4VELY JA SAGADI KARTANO<\/span><\/span><\/b><\/span><\/p>\n<p align=\"center\"><span style=\"color: #3c64a4;\"><span lang=\"EN-US\"><span style=\"font-family: Calibri;\">5.10 Lauantai<\/span><\/span><span lang=\"EN-US\"><br \/>\n<\/span><span lang=\"EN-US\"><span style=\"font-family: Calibri;\">9.30-16.00 (5,5-6 tuntia)<\/span><\/span><span lang=\"EN-US\"><br \/>\n<\/span><span lang=\"EN-US\"><span style=\"font-family: Calibri;\">Bussi ja k\u00e4vely<\/span><\/span><\/span><span lang=\"EN-US\"><br \/>\n<span style=\"font-family: Calibri;\"><span style=\"font-size: 10pt;\"> min henk 30<\/span><br \/>\n<\/span><\/span><span style=\"color: #3c64a4;\"><b><span lang=\"EN-US\"><span style=\"font-family: Calibri;\">Hinta: 69EUR\/per henk<\/span><\/span><\/b><\/span><\/p>\n<p><span lang=\"EN-US\"><span style=\"font-family: Calibri;\">Viiden tunnin linja-auto kierros Lahemaahan esittelee sinulle Pohjois-Virolle tyypillist\u00e4 kaunista maisemaa: rannikon alangot, m\u00e4ntymets\u00e4t ja siirtolohkarekent\u00e4t. Lahemaassa on monia entis\u00f6ityj\u00e4 kartanoita 1800-1900 luvuilta, todella hieno esimerkki niiden tyypist\u00e4 Virossa.<\/span><\/span><\/p>\n<p><span lang=\"EN-US\"><span style=\"font-family: Calibri;\">Ensimm\u00e4inen pys\u00e4hdys on Viru suolla, jossa voit patikoida 3,5 km reitin. reitti esittelee Viron nostetun suon kasvillisuuden ja maaston muodot.<\/span><\/span><\/p>\n<p><span lang=\"EN-US\"><span style=\"font-family: Calibri;\">Suon k\u00e4velyreitti kulkee maaston halki ja taukoaa n\u00e4k\u00f6alatornilla, josta on hieno n\u00e4kym\u00e4 suomaastoon.<\/span><\/span><\/p>\n<p><span lang=\"EN-US\"><span style=\"font-family: Calibri;\">Kaunista Sagadi kartanokompleksia on usein kutsuttu Viron kartanoiden kartanoksi. Kartanolla on harmoniset rakennukset ja kauppakujat jotka ymp\u00e4r\u00f6iv\u00e4t suurta keskusaukiota, upea 1800 luvun p\u00e4\u00e4rakennus ja lampi joka symbolisoi kartanon herran ikuista rakkautta.<\/span><\/span><span style=\"color: #999999;\">[\/vc_column_text][vc_btn title=&#8221;Rekister\u00f6ityminen: Klikkaa t\u00e4st\u00e4!&#8221; color=&#8221;orange&#8221; size=&#8221;lg&#8221; align=&#8221;center&#8221; el_class=&#8221;tours-button&#8221; link=&#8221;url:https%3A%2F%2Fwww.conference-expert.eu%2Ffi%2Flef2019fi%2Fen%2Fconferences%2Fs2%2F481-lions-2019-europaforum||target:%20_blank|&#8221;][\/vc_column_inner][vc_column_inner width=&#8221;1\/3&#8243;][vc_single_image image=&#8221;2870&#8243; img_size=&#8221;full&#8221;][vc_column_text]<\/span><\/p>\n<p style=\"text-align: center;\"><span style=\"color: #3c64a4;\"><strong>HIPSTERIKAUPUNKI KALAMAJA<\/strong><\/span><\/p>\n<p style=\"text-align: center;\"><span style=\"color: #3c64a4;\">4.10 Perjantai\/ 6.10 Sunnuntai<\/span><br \/>\n<span style=\"color: #3c64a4;\">9.00-12.00 (2,5-3 tuntia)<\/span><br \/>\n<span style=\"color: #3c64a4;\">Bussi ja k\u00e4vely<\/span><br \/>\n<span style=\"color: #000000; font-size: 10pt;\">15 \u2013 20 henk\/per opas; min henk 10<\/span><br \/>\n<span style=\"color: #3c64a4;\"><strong>Hinta: 49EUR\/per henk<\/strong><\/span><\/p>\n<p>T\u00e4m\u00e4 hiljainen pieni naapurusto juuri Vanhan Kaupungin ulkopuolella on katseen vangitsija v\u00e4rikk\u00e4ine puurakennuksineen. Tallinnan historian ajan se on toiminut p\u00e4\u00e4 kalastussatamana.<\/p>\n<p>Tutki Tallinnan kokonaan erilaista puolta: haistele Telliskiven Luovan Kaupungin boheemia tunnelmaa, ihastele puisia &#8220;Tallinna Taloja&#8221; ja l\u00f6yd\u00e4 piilossa olevat katuruoka kuppilat.<\/p>\n<p>L\u00e4hiaikoina alue on ottanut boheemin tunnelman, tullen nuorten luovien ihmisten asuinpaikaksi. Se on kaupungin paras paikka kokea paikallisten el\u00e4m\u00e4ntyyli.<\/p>\n<p><span style=\"color: #000000; font-size: 8pt;\">Kuva: Maret P\u00f5ldveer-Turay,\u00a0visittallinn.ee<\/span><span style=\"color: #999999;\">[\/vc_column_text][vc_btn title=&#8221;Rekister\u00f6ityminen: Klikkaa t\u00e4st\u00e4!&#8221; color=&#8221;orange&#8221; size=&#8221;lg&#8221; align=&#8221;center&#8221; el_class=&#8221;tours-button&#8221; link=&#8221;url:https%3A%2F%2Fwww.conference-expert.eu%2Ffi%2Flef2019fi%2Fen%2Fconferences%2Fs2%2F481-lions-2019-europaforum||target:%20_blank|&#8221;][\/vc_column_inner][vc_column_inner][vc_separator][\/vc_column_inner][\/vc_row_inner][vc_row_inner type=&#8221;boxed&#8221;][vc_column_inner width=&#8221;1\/2&#8243;][vc_single_image image=&#8221;2884&#8243; img_size=&#8221;full&#8221; alignment=&#8221;center&#8221;][vc_column_text]<\/span><\/p>\n<p style=\"text-align: center;\"><span style=\"color: #3c64a4;\"><strong>KADRIORGIN PUISTO JA TAIDEMUSEO<\/strong><\/span><\/p>\n<p style=\"text-align: center;\"><span style=\"color: #3c64a4;\">4.10 Perjantai\/ 6.10 Sunnuntai<\/span><br \/>\n<span style=\"color: #3c64a4;\">9.00-12.00 (2,5-3 tuntia)<\/span><br \/>\n<span style=\"color: #000000; font-size: 10pt;\">15 \u2013 20 hl\u00f6\/per opas; min 10 hl\u00f6<\/span><br \/>\n<span style=\"color: #3c64a4;\"><strong>Hinta: 40EUR\/per hl\u00f6<\/strong><\/span><\/p>\n<p>Rikastuta tietouttasi Viron rikkaasta taide perinn\u00f6st\u00e4 Tallinnan taidekierroksella. Tiet\u00e4v\u00e4n oppaan saattamana uppoudut Kardriorg puistoon ja palatsiin, h\u00e4mm\u00e4stytt\u00e4v\u00e4n taidekokoelman kodin vehre\u00e4\u00e4n loistoon. Ihaile kansainv\u00e4list\u00e4 taidetta ja tee j\u00e4nnitt\u00e4v\u00e4 silm\u00e4ys merkitt\u00e4vien t\u00f6iden historialliseen ja kulttuuriseen sis\u00e4lt\u00f6\u00f6n. Arvostat jokaisen museon arkkitehtuurista tyyli\u00e4.<\/p>\n<p><span style=\"color: #000000; font-size: 8pt;\">Kuva: Kadi-Liis Koppel,\u00a0visittallinn.ee<\/span><span style=\"color: #999999;\">[\/vc_column_text][vc_btn title=&#8221;Rekister\u00f6ityminen: Klikkaa t\u00e4st\u00e4!&#8221; color=&#8221;orange&#8221; size=&#8221;lg&#8221; align=&#8221;center&#8221; el_class=&#8221;tours-button&#8221; link=&#8221;url:https%3A%2F%2Fwww.conference-expert.eu%2Ffi%2Flef2019fi%2Fen%2Fconferences%2Fs2%2F481-lions-2019-europaforum||target:%20_blank|&#8221;][\/vc_column_inner][vc_column_inner width=&#8221;1\/2&#8243;][vc_single_image image=&#8221;3331&#8243; img_size=&#8221;full&#8221; alignment=&#8221;center&#8221;][vc_column_text]<\/span><\/p>\n<p align=\"center\"><span style=\"color: #3c64a4;\"><b><span lang=\"EN-US\"><span style=\"font-family: Calibri;\">ESTONIAN DESIGN KIERROS<\/span><\/span><\/b><\/span><\/p>\n<p align=\"center\"><span style=\"color: #3c64a4;\"><span lang=\"EN-US\"><span style=\"font-family: Calibri;\">5.10 Lauantai<\/span><\/span><span lang=\"EN-US\"><br \/>\n<\/span><span lang=\"EN-US\"><span style=\"font-family: Calibri;\">10.30-14.30 (4 tuntia)<\/span><\/span><span lang=\"EN-US\"><br \/>\n<\/span><span lang=\"EN-US\"><span style=\"font-family: Calibri;\">Opastettu k\u00e4velykierros<\/span><\/span><span lang=\"EN-US\"><br \/>\n<span style=\"font-family: Calibri;\"><span style=\"color: #000000; font-size: 10pt;\"> 15 \u2013 20 hl\u00f6\/per opas; min hl\u00f6 10 <\/span><br \/>\n<\/span><\/span><b><span lang=\"EN-US\"><span style=\"font-family: Calibri;\">Hinta: 30EUR\/per hl\u00f6<\/span><\/span><\/b><\/span><\/p>\n<p><span lang=\"EN-US\"><span style=\"font-family: Calibri;\">Sinulla tulee olemaan UNIIKKI mahdollisuus vilkaista Viron MUOTIMAAILMAA!<\/span><\/span><\/p>\n<p><span lang=\"EN-US\"><span style=\"font-family: Calibri;\">Halusitpa sitten n\u00e4hd\u00e4 HIGH-END suunnittelijan vaatteita tai VAIHTOEHTOISIA nuorten suunnittelijoiden asuja, l\u00f6yd\u00e4t kaiken mukavasti Tallinnan keskustasta.<\/span><\/span><\/p>\n<p><span lang=\"EN-US\"><span style=\"font-family: Calibri;\">T\u00e4m\u00e4n kierroksen aikana tarjoamme sinulle mahdollisuuden tavata paikallisia suunnittelijoita, vierailla eri n\u00e4yttelytiloissa, putiikeissa, studioissa ja Tallinnan suurimmissa muotikeskuksissa.<\/span><\/span><\/p>\n<p><span lang=\"EN-US\" style=\"color: #000000; font-size: 8pt;\"><span style=\"font-family: Calibri;\">Kuva: Kr\u00f5\u00f5t Tarkmeel, visittallinn.ee <\/span><\/span>[\/vc_column_text][vc_btn title=&#8221;Rekister\u00f6ityminen: Klikkaa t\u00e4st\u00e4!&#8221; color=&#8221;orange&#8221; size=&#8221;lg&#8221; align=&#8221;center&#8221; el_class=&#8221;tours-button&#8221; link=&#8221;url:https%3A%2F%2Fwww.conference-expert.eu%2Ffi%2Flef2019fi%2Fen%2Fconferences%2Fs2%2F481-lions-2019-europaforum||target:%20_blank|&#8221;][\/vc_column_inner][\/vc_row_inner][\/vc_column][\/vc_row]<\/p>\n","protected":false},"excerpt":{"rendered":"<p>[vc_row css=&#8221;.vc_custom_1530193633877{background-color: #ffffff !important;}&#8221;][vc_column][vc_row_inner type=&#8221;boxed&#8221;][vc_column_inner width=&#8221;1\/2&#8243;][vc_single_image image=&#8221;562&#8243; img_size=&#8221;full&#8221; alignment=&#8221;center&#8221;][vc_column_text] LEO BIRGITH KUTSUU TEID\u00c4T 3 P\u00c4IV\u00c4N PRE-FORUM KIERROKSELLE YLIOPISTOKAUPUNKI TARTTOON! 1-3. lokakuuta 2019 &nbsp; Matkalla Tarttoon vierailemme Lahemaa National Park:issa, joka antaa autenttisen silm\u00e4yksen Viron luonnon ja kulttuurin maisemiin, Rakveren h\u00e4mm\u00e4stytt\u00e4viin 13 vuosisadan linnan raunoihin, Peipsin vanhojen kristikansojen kyliin, Alatskivi linnaan. Matkalla takaisin Tallinnaan voit tutustua [&hellip;]<\/p>\n","protected":false},"author":5,"featured_media":0,"parent":0,"menu_order":0,"comment_status":"closed","ping_status":"closed","template":"page-full-width.php","meta":[],"categories":[],"tags":[],"_links":{"self":[{"href":"https:\/\/www.europaforum2019.ee\/fi\/wp-json\/wp\/v2\/pages\/2780"}],"collection":[{"href":"https:\/\/www.europaforum2019.ee\/fi\/wp-json\/wp\/v2\/pages"}],"about":[{"href":"https:\/\/www.europaforum2019.ee\/fi\/wp-json\/wp\/v2\/types\/page"}],"author":[{"embeddable":true,"href":"https:\/\/www.europaforum2019.ee\/fi\/wp-json\/wp\/v2\/users\/5"}],"replies":[{"embeddable":true,"href":"https:\/\/www.europaforum2019.ee\/fi\/wp-json\/wp\/v2\/comments?post=2780"}],"version-history":[{"count":27,"href":"https:\/\/www.europaforum2019.ee\/fi\/wp-json\/wp\/v2\/pages\/2780\/revisions"}],"predecessor-version":[{"id":8319,"href":"https:\/\/www.europaforum2019.ee\/fi\/wp-json\/wp\/v2\/pages\/2780\/revisions\/8319"}],"wp:attachment":[{"href":"https:\/\/www.europaforum2019.ee\/fi\/wp-json\/wp\/v2\/media?parent=2780"}],"wp:term":[{"taxonomy":"category","embeddable":true,"href":"https:\/\/www.europaforum2019.ee\/fi\/wp-json\/wp\/v2\/categories?post=2780"},{"taxonomy":"post_tag","embeddable":true,"href":"https:\/\/www.europaforum2019.ee\/fi\/wp-json\/wp\/v2\/tags?post=2780"}],"curies":[{"name":"wp","href":"https:\/\/api.w.org\/{rel}","templated":true}]}}