{"id":2756,"date":"2018-10-18T16:40:52","date_gmt":"2018-10-18T16:40:52","guid":{"rendered":"http:\/\/www.europaforum2019.ee\/?page_id=2756"},"modified":"2019-09-22T14:41:29","modified_gmt":"2019-09-22T14:41:29","slug":"program","status":"publish","type":"page","link":"https:\/\/www.europaforum2019.ee\/fi\/program\/","title":{"rendered":"Ohjelman yleiskatsaus"},"content":{"rendered":"<p>[vc_row css=&#8221;.vc_custom_1528724670702{background-color: #f5f3f2 !important;}&#8221;][vc_column][vc_column_text]<\/p>\n<h2 style=\"text-align: center;\"><a href=\"https:\/\/www.europaforum2019.ee\/wp-content\/uploads\/2019\/08\/EF-programm-FIN-31.07.pdf\"><strong><span style=\"color: #3c64a4;\">OHJELMAN YLEISKATSAUS<\/span><\/strong><\/a><\/h2>\n<p>[\/vc_column_text][vc_empty_space][vc_row_inner type=&#8221;boxed&#8221;][vc_column_inner width=&#8221;1\/2&#8243;][vc_column_text]<span style=\"color: #3c64a4;\"><strong><a style=\"color: #3c64a4;\" href=\"https:\/\/www.europaforum2019.ee\/fi\/thursday\/\">TORSTAI<\/a>, 3 Lokakuuta, 2019<\/strong><\/span><\/p>\n<p>GAT<br \/>\nEF2019 ohjausryhm\u00e4n kokous (suljettu istunto)<br \/>\nPitk\u00e4n aikav\u00e4lin suunnittelutoimikunta, Eurooppa (suljettu kokous)<br \/>\nNuorisoleiri- ja nuorisovaihtopuheenjohtajien tapaaminen<br \/>\nBaltic Sea Lions<br \/>\nEsittelij\u00f6iden ja osallistujien orientoituminen<br \/>\nMD111 kuvern\u00f6\u00f6rineuvosto (suljettu kokous)<br \/>\nOtsikko NSR CC Yhti\u00f6kokous (suljettu kokous)<br \/>\nHyv\u00e4ntekev\u00e4isyys l\u00e4mmittelyjuhla[\/vc_column_text][\/vc_column_inner][vc_column_inner width=&#8221;1\/2&#8243;][vc_column_text]<span style=\"color: #3c64a4;\"><strong><a style=\"color: #3c64a4;\" href=\"https:\/\/www.europaforum2019.ee\/fi\/friday\/\">PERJANTAI,<\/a> 4 Lokakuuta, 2019<\/strong><\/span><\/p>\n<p>Lions European Music (LEMC) Thomas Kuti Musiikkikilpailu &#8211; ensimm\u00e4inen ja toinen kierros<br \/>\nAvauspuhe: Nopeasti muuttuvaan maailmaan sopeutuminen<br \/>\nNuorisoleiri- ja nuorisovaihtopuheenjohtajien tapaaminen<br \/>\nAvauspuhe: Ylikuormitus maailmassa<br \/>\nLions Lab: Luodaan yhdess\u00e4 ymp\u00e4rist\u00f6\u00e4 s\u00e4\u00e4st\u00e4v\u00e4 tulevaisuus &#8211; Lionit puhtaiden vesist\u00f6jen puolesta<br \/>\nWorld Cafe: Puhutaan roskaa! Kuinka luot oman \u201cpuhtaanapito- suunnitelman\u201d<br \/>\nWorld Cafe: Ilmasto kompensaatio. Ymp\u00e4rist\u00f6\u00e4 s\u00e4\u00e4st\u00e4v\u00e4 lionsklubi \u2013 Ilmasto-yst\u00e4v\u00e4llinen toiminta<br \/>\nEuro &#8211; Asia komitea<br \/>\nLions Young Ambassador &#8211; Nuori l\u00e4hettil\u00e4s &#8211; Bert Mason Award competition ESITTELY<br \/>\nGAT-koordinaattoreiden kokous<br \/>\nEuro Africa -toimikunta (suljettu kokous)<br \/>\nOtsikko Pakolaisten apukomitea (suljettu kokous)<br \/>\nOtsikko\u00a0 LCI Yksityinen ty\u00f6ryhm\u00e4<br \/>\nEuropa Forumiin ensikertaa osallistuvien workshop<br \/>\nWaSH WG toimikunnan kokous (suljettu kokous)<br \/>\nLions Paraati<br \/>\nAvajais seremonia &#8211; Viro Euroopassa ja Eurooppa Virossa.<br \/>\nHost Night -iltajuhla<br \/>\nViralliset jatkot[\/vc_column_text][\/vc_column_inner][\/vc_row_inner][vc_empty_space][vc_row_inner type=&#8221;boxed&#8221;][vc_column_inner width=&#8221;1\/2&#8243;][vc_column_text]<span style=\"color: #3c64a4;\"><strong><a style=\"color: #3c64a4;\" href=\"https:\/\/www.europaforum2019.ee\/fi\/saturday\/\">LAUANTAI<\/a>, 5 Lokakuuta, 2019<\/strong><\/span><\/p>\n<p>Kansinv\u00e4lisen presidentin tapaaminen<br \/>\nLions Euroopan Musiikki Kilpailu Thomas Kuti &#8211; Finaali<br \/>\nNuorisovaihto Baasaari<br \/>\nNuori l\u00e4hettil\u00e4s &#8211; Bert Mason Award Kilpailu &#8211; HAASTATTELUT (suljettu tapaaminen)<br \/>\nEuroopan neuvoston kokous I<br \/>\nOtsikko GAT Yleistapaaminen<br \/>\nAvauspuhe: Ty\u00f6n ja taitojen tulevaisuus<br \/>\nWorld Cafe: Kouluttautumisvalintoja ja mahdollisuuksia nuorillle<br \/>\nWorld Cafe: Rauhanjulistekilpailu<br \/>\nWorld Cafe: Mielenterveysongelmien ehk\u00e4isy<br \/>\nOtsikko V\u00e4limeren solidaarisuuden observatorio<br \/>\nWaSH WG ty\u00f6ryhm\u00e4n kokous (suljettu kokous)<br \/>\nOtsikko YK:n \/kansalaisj\u00e4rjest\u00f6jen istunto \/ pakolaisten avustus<br \/>\nAvauspuhe: E-Estonia (Kyberratkaisut)<br \/>\nWorld Cafe: Kyberratkaisut &amp; kommunikaatio<br \/>\nWorld Cafe: IT-turva lioneille<br \/>\nWorld Cafe: Leo kyberratkaisut<br \/>\nKansainv\u00e4linen presidentti tapaa piirikuvern\u00f6\u00f6rit<br \/>\n1. kansainv\u00e4linen varapresidentti tapaa varapiirikuvern\u00f6\u00f6rit<br \/>\nOtsikko Maan edustajien ja LEMC:n musiikkipalkintokomitean kokous<br \/>\nLionien merkitys Euroopalle<br \/>\nOtsikko Kuinka voi saavuttaa j\u00e4senten kasvua Euroopassa<br \/>\nLions Quest<br \/>\nEuro Africa toimikunta<br \/>\nLionien ty\u00f6kalupakki: kokemusten jakaminen<br \/>\nLions &amp; Eettisyys ja eettisyys viestinn\u00e4ss\u00e4<br \/>\nEuroopan neuvoston keskustelut<br \/>\nGaalailta<br \/>\nViralliset jatkot[\/vc_column_text][\/vc_column_inner][vc_column_inner width=&#8221;1\/2&#8243;][vc_column_text]<span style=\"color: #3c64a4;\"><strong><a style=\"color: #3c64a4;\" href=\"https:\/\/www.europaforum2019.ee\/fi\/sunday\/\">SUNNUNTAI<\/a>, 6<span style=\"color: #3c64a4;\"> Lo<\/span>kakuuta, 2019<\/strong><\/span><\/p>\n<p>Ohjausty\u00f6ryhm\u00e4n kokous EF2020 (suljettu istunto)<br \/>\nAvauspuhe: Leo Cyber Solutions &#8211; Leo4Green<br \/>\nTapaa kansainv\u00e4linenjohtaja<br \/>\nWater means life &#8211; Reflect and Act &#8211; Europa Forum WaSH Workshop 2019<br \/>\nLions Clubs Internationalin S\u00e4\u00e4ti\u00f6n (LCIF) t\u00e4ysistunto<br \/>\nLionien ty\u00f6kalupakki &#8211; Toolbox: Kokemusten jakaminen<br \/>\nSeminaari: Kuinka nopeuttaa Lions hankkeitaEU-rahoituksella<br \/>\nSeminaari: LeoKyberratkaisut<br \/>\nEuroopan Neuvosto II (P\u00e4\u00e4t\u00f6skokous)<br \/>\nLionien ty\u00f6kalupakki &#8211; Toolbox: Kokemusten jakaminen<br \/>\nSeminaari: Kuinka nopeuttaa Lions-hankkeita EU rahoituksella<br \/>\nSeminaari: Leo Kyberratkaisut<br \/>\nKampanja 100: Lions Club International Foundation (LCIF) Empowering Service<br \/>\nNuori l\u00e4hettil\u00e4s finalistien esittelyt<br \/>\nP\u00e4\u00e4t\u00f6sseremonia[\/vc_column_text][\/vc_column_inner][\/vc_row_inner][vc_row_inner type=&#8221;boxed&#8221;][vc_column_inner][vc_empty_space][vc_column_text]<span style=\"color: #3c64a4;\"><span style=\"color: #000000;\">Lataa koko ohjelma <\/span><strong><a href=\"https:\/\/www.europaforum2019.ee\/wp-content\/uploads\/2019\/09\/EF-programm-FIN-22.09.pdf\">t\u00e4\u00e4lt\u00e4<\/a>.<br \/>\n<\/strong><\/span><\/p>\n<p>L\u00f6yd\u00e4 yksityiskohtainen ohjelma t\u00e4\u00e4lt\u00e4: <strong><a href=\"https:\/\/www.europaforum2019.ee\/fi\/thursday\/\">TORSTAI<\/a> &#8211; <a href=\"https:\/\/www.europaforum2019.ee\/fi\/friday\/\">PERJANTAI<\/a> &#8211; <a href=\"https:\/\/www.europaforum2019.ee\/fi\/saturday\/\">LAUANTAI<\/a> &#8211; <a href=\"https:\/\/www.europaforum2019.ee\/fi\/sunday\/\">SUNNUNTAI<\/a><\/strong>[\/vc_column_text][\/vc_column_inner][\/vc_row_inner][vc_column_text]<\/p>\n<p style=\"text-align: center;\"><span style=\"color: #ff0000;\"><strong>Viimeisimm\u00e4t muutokset ohjelmassa tehd\u00e4\u00e4n vain englanninkielisill\u00e4 verkkosivuilla!<\/strong><\/span><\/p>\n<p>[\/vc_column_text][\/vc_column][\/vc_row][vc_row css=&#8221;.vc_custom_1528789133475{background-color: #fdc924 !important;}&#8221;][vc_column][vc_row_inner type=&#8221;boxed&#8221; css=&#8221;.vc_custom_1537354005488{padding-bottom: 1em !important;}&#8221;][vc_column_inner][vc_column_text][\/vc_column_text][\/vc_column_inner][\/vc_row_inner][\/vc_column][\/vc_row]<\/p>\n","protected":false},"excerpt":{"rendered":"<p>[vc_row css=&#8221;.vc_custom_1528724670702{background-color: #f5f3f2 !important;}&#8221;][vc_column][vc_column_text] OHJELMAN YLEISKATSAUS [\/vc_column_text][vc_empty_space][vc_row_inner type=&#8221;boxed&#8221;][vc_column_inner width=&#8221;1\/2&#8243;][vc_column_text]TORSTAI, 3 Lokakuuta, 2019 GAT EF2019 ohjausryhm\u00e4n kokous (suljettu istunto) Pitk\u00e4n aikav\u00e4lin suunnittelutoimikunta, Eurooppa (suljettu kokous) Nuorisoleiri- ja nuorisovaihtopuheenjohtajien tapaaminen Baltic Sea Lions Esittelij\u00f6iden ja osallistujien orientoituminen MD111 kuvern\u00f6\u00f6rineuvosto (suljettu kokous) Otsikko NSR CC Yhti\u00f6kokous (suljettu kokous) Hyv\u00e4ntekev\u00e4isyys l\u00e4mmittelyjuhla[\/vc_column_text][\/vc_column_inner][vc_column_inner width=&#8221;1\/2&#8243;][vc_column_text]PERJANTAI, 4 Lokakuuta, 2019 Lions European Music (LEMC) [&hellip;]<\/p>\n","protected":false},"author":5,"featured_media":0,"parent":0,"menu_order":0,"comment_status":"closed","ping_status":"closed","template":"page-full-width.php","meta":[],"categories":[35],"tags":[],"_links":{"self":[{"href":"https:\/\/www.europaforum2019.ee\/fi\/wp-json\/wp\/v2\/pages\/2756"}],"collection":[{"href":"https:\/\/www.europaforum2019.ee\/fi\/wp-json\/wp\/v2\/pages"}],"about":[{"href":"https:\/\/www.europaforum2019.ee\/fi\/wp-json\/wp\/v2\/types\/page"}],"author":[{"embeddable":true,"href":"https:\/\/www.europaforum2019.ee\/fi\/wp-json\/wp\/v2\/users\/5"}],"replies":[{"embeddable":true,"href":"https:\/\/www.europaforum2019.ee\/fi\/wp-json\/wp\/v2\/comments?post=2756"}],"version-history":[{"count":17,"href":"https:\/\/www.europaforum2019.ee\/fi\/wp-json\/wp\/v2\/pages\/2756\/revisions"}],"predecessor-version":[{"id":8460,"href":"https:\/\/www.europaforum2019.ee\/fi\/wp-json\/wp\/v2\/pages\/2756\/revisions\/8460"}],"wp:attachment":[{"href":"https:\/\/www.europaforum2019.ee\/fi\/wp-json\/wp\/v2\/media?parent=2756"}],"wp:term":[{"taxonomy":"category","embeddable":true,"href":"https:\/\/www.europaforum2019.ee\/fi\/wp-json\/wp\/v2\/categories?post=2756"},{"taxonomy":"post_tag","embeddable":true,"href":"https:\/\/www.europaforum2019.ee\/fi\/wp-json\/wp\/v2\/tags?post=2756"}],"curies":[{"name":"wp","href":"https:\/\/api.w.org\/{rel}","templated":true}]}}