{"id":7337,"date":"2019-03-20T10:11:31","date_gmt":"2019-03-20T10:11:31","guid":{"rendered":"https:\/\/www.europaforum2019.ee\/friday\/"},"modified":"2019-10-02T19:50:03","modified_gmt":"2019-10-02T19:50:03","slug":"friday","status":"publish","type":"page","link":"https:\/\/www.europaforum2019.ee\/et\/friday\/","title":{"rendered":"Reede"},"content":{"rendered":"<p>[vc_row][vc_column][\/vc_column][\/vc_row][vc_row][vc_column width=&#8221;3\/4&#8243;][vc_column_text css=&#8221;.vc_custom_1552997468124{padding-top: 20px !important;padding-bottom: 20px !important;}&#8221;]<\/p>\n<div class=\"twelve columns add-bottom\">\n<h2><span style=\"color: #3c64a4;\">Reede 10\/04\/2019<\/span><\/h2>\n<\/div>\n<p>[\/vc_column_text][vc_column_text css=&#8221;.vc_custom_1564688008786{padding-top: 20px !important;padding-bottom: 20px !important;}&#8221;]<\/p>\n<div class=\"twelve columns add-bottom\">\n<div class=\"frame\">\n<div class=\"page tlid-homepage homepage translate-text\">\n<div class=\"homepage-content-wrap\">\n<div class=\"tlid-source-target main-header\">\n<div class=\"source-target-row\">\n<div class=\"tlid-results-container results-container\">\n<div class=\"tlid-result result-dict-wrapper\">\n<div class=\"result tlid-copy-target\">\n<div class=\"text-wrap tlid-copy-target\">\n<div class=\"result-shield-container tlid-copy-target\" tabindex=\"0\"><span class=\"tlid-translation translation\" lang=\"et\" tabindex=\"-1\"><span title=\"\">Erinevate konverentsikeskuste ruume t\u00e4histavad j\u00e4rgmised nimed:<\/span><\/span><\/div>\n<\/div>\n<\/div>\n<\/div>\n<\/div>\n<\/div>\n<\/div>\n<\/div>\n<\/div>\n<\/div>\n<p><strong><a href=\"https:\/\/www.sokoshotels.fi\/en\/tallinn\/sokos-hotel-viru\">Sokos Hotel Viru\u00a0<\/a><\/strong> Allegro, Andante 1, Andante 2, Bolero, Duetto, Forte, Grande, Grande 1, Grande 1+2, Grande 2, Grande 3, Semi<\/p>\n<p><a href=\"https:\/\/www.europaforum2019.ee\/wp-content\/uploads\/2019\/06\/Nordic-Hotel-Forum-conference-centre-floor-plan.png\"><strong>Nordic Hotel Forum<\/strong><\/a> Sirius, Capella, Arcturus, Vega, Altair, Miitsar<\/p>\n<\/div>\n<p>[\/vc_column_text][vc_column_text]<span style=\"font-size: 18pt;\">8:30-17:30<\/span>[\/vc_column_text][vc_tta_accordion style=&#8221;modern&#8221; shape=&#8221;square&#8221; active_section=&#8221;&#8221; collapsible_all=&#8221;true&#8221;][vc_tta_section title=&#8221;Lionite Euroopa Thomas Kuti Muusikav\u00f5istlus &#8211; Esimene ja teine voor | Eesti Muusika- ja Teatriakadeemia&#8221; tab_id=&#8221;kollane1&#8243; el_class=&#8221;socialagora&#8221;][vc_column_text]<\/p>\n<table width=\"575\">\n<tbody>\n<tr>\n<td width=\"102\">Kuup\u00e4ev<\/td>\n<td width=\"473\">\u00a0Reede, 4. oktoober<\/td>\n<\/tr>\n<tr>\n<td>Aeg<\/td>\n<td width=\"473\">8:30 &#8211; 17:30<\/td>\n<\/tr>\n<tr>\n<td>Teema<\/td>\n<td width=\"473\">Lionite Euroopa Thomas Kuti Muusikav\u00f5istlus &#8211; Esimene ja teine voor<\/td>\n<\/tr>\n<tr>\n<td>Asukoht<\/td>\n<td width=\"473\">Eesti Muusika- ja Teatriakadeemia<\/td>\n<\/tr>\n<tr>\n<td>Sihtr\u00fchm<\/td>\n<td width=\"473\">K\u00f5ikidele kuulajatele avatud<\/td>\n<\/tr>\n<tr>\n<td>Eesistuja<\/td>\n<td width=\"473\">Lion Ingo Brookmann<\/td>\n<\/tr>\n<tr>\n<td>Eesistuja aset\u00e4itja<\/td>\n<td width=\"473\">PDG Ragnar L\u00f5ivukene<\/td>\n<\/tr>\n<tr>\n<td>Kirjeldus<\/td>\n<td width=\"473\">Euroopa riikidest kohale tulnud kandidaadid esitavad kohustusliku muusikalise loo ning esimese loo akustilisel kitarril<\/td>\n<\/tr>\n<\/tbody>\n<\/table>\n<p>[\/vc_column_text][\/vc_tta_section][\/vc_tta_accordion][vc_column_text]<span style=\"font-size: 18pt;\">09:00-9:30<\/span>[\/vc_column_text][vc_tta_accordion style=&#8221;modern&#8221; shape=&#8221;square&#8221; active_section=&#8221;&#8221; collapsible_all=&#8221;true&#8221;][vc_tta_section title=&#8221;Avak\u00f5ne: Kohanemine kiiresti muutuva maailmaga | Grande (1-3) | Sokos Hotel Viru&#8221; tab_id=&#8221;hallikasroheline1&#8243; el_class=&#8221;leo-lions&#8221;][vc_column_text]<\/p>\n<table width=\"575\">\n<tbody>\n<tr>\n<td width=\"102\">Kuup\u00e4ev<\/td>\n<td width=\"473\">\u00a0Reede, 4. oktoober<\/td>\n<\/tr>\n<tr>\n<td>Aeg<\/td>\n<td width=\"473\">9:00 &#8211; 9:30<\/td>\n<\/tr>\n<tr>\n<td>Teema<\/td>\n<td width=\"473\">Avak\u00f5ne: Kohanemine kiiresti muutuva maailmaga<\/td>\n<\/tr>\n<tr>\n<td>Asukoht<\/td>\n<td width=\"473\">Sokos Hotel Viru &#8211; Grande (1-3)<\/td>\n<\/tr>\n<tr>\n<td>Sihtr\u00fchm<\/td>\n<td width=\"473\">K\u00f5ikidele kuulajatele avatud<\/td>\n<\/tr>\n<tr>\n<td>Eesistuja<\/td>\n<td width=\"473\">DG M\u00e4rt Viileberg<\/td>\n<\/tr>\n<tr>\n<td>K\u00f5neleja<\/td>\n<td width=\"473\">Kristjan Lepik<\/td>\n<\/tr>\n<tr>\n<td>Kirjeldus<\/td>\n<td width=\"473\">Kuidas juhtida oma ettev\u00f5tet v\u00f5i riiki sel kiiresti muutuval ajal? Tehnikavaldkonna kiire areng sekkub paljudesse teistesse valdkondadesse, elanikkond vananeb ja riigid seisavad silmitsi korraga paljude v\u00e4ljakutsetega.<\/td>\n<\/tr>\n<\/tbody>\n<\/table>\n<p>[\/vc_column_text][\/vc_tta_section][\/vc_tta_accordion][vc_column_text]<span style=\"font-size: 18pt;\">9:00-12:30<\/span>[\/vc_column_text][vc_tta_accordion style=&#8221;modern&#8221; shape=&#8221;square&#8221; active_section=&#8221;&#8221; collapsible_all=&#8221;true&#8221;][vc_tta_section title=&#8221;Noorte Laagri &amp; Noortevahetuse juhtide koosolek | Sirius | Nordic Hotel Forum&#8221; tab_id=&#8221;roosa14&#8243; el_class=&#8221;youngambassadors&#8221;][vc_column_text]<\/p>\n<table width=\"575\">\n<tbody>\n<tr>\n<td width=\"102\">Kuup\u00e4ev<\/td>\n<td width=\"473\">\u00a0Reede, 4. oktoober<\/td>\n<\/tr>\n<tr>\n<td>Aeg<\/td>\n<td width=\"473\">9:00 &#8211; 12:30<\/td>\n<\/tr>\n<tr>\n<td>Teema<\/td>\n<td width=\"473\">Noorte Laagri &amp; Noortevahetuse juhtide koosolek<\/td>\n<\/tr>\n<tr>\n<td>Asukoht<\/td>\n<td width=\"473\">Nordic Hotel Forum &#8211; Sirius<\/td>\n<\/tr>\n<tr>\n<td>Sihtr\u00fchm<\/td>\n<td width=\"473\">K\u00f5ikidele kuulajatele avatud<\/td>\n<\/tr>\n<tr>\n<td>Eesistuja<\/td>\n<td width=\"473\">YCEC Margus Malla<\/td>\n<\/tr>\n<tr>\n<td>Eesistuja aset\u00e4itja<\/td>\n<td width=\"473\">YCEC Jovan Gavrilovski<\/td>\n<\/tr>\n<tr>\n<td>K\u00f5nelejad<\/td>\n<td width=\"473\">Noortevahetuste eesistujad<\/td>\n<\/tr>\n<tr>\n<td>Sekret\u00e4r<\/td>\n<td width=\"473\">YCEC Paul Vanderhaegen, YCE Euroopa sekret\u00e4r<\/td>\n<\/tr>\n<tr>\n<td>Kirjeldus<\/td>\n<td width=\"473\">Ettekanded, avatud mikrofon, istungi protokolli kinnitamine<\/td>\n<\/tr>\n<\/tbody>\n<\/table>\n<p>[\/vc_column_text][\/vc_tta_section][\/vc_tta_accordion][vc_column_text]<span style=\"font-size: 18pt;\">9:00-10:00<\/span>[\/vc_column_text][vc_tta_accordion style=&#8221;modern&#8221; shape=&#8221;square&#8221; active_section=&#8221;&#8221; collapsible_all=&#8221;true&#8221;][vc_tta_section title=&#8221;Avak\u00f5ne: \u00dclerahvastatus maailmas | Grande (1-3) | Sokos Hotel Viru&#8221; tab_id=&#8221;neoon1&#8243; el_class=&#8221;leo-lions&#8221;][vc_column_text]<\/p>\n<table width=\"575\">\n<tbody>\n<tr>\n<td width=\"102\">Kuup\u00e4ev<\/td>\n<td width=\"473\">\u00a0Reede, 4. oktoober<\/td>\n<\/tr>\n<tr>\n<td>Aeg<\/td>\n<td width=\"473\">9:30 &#8211; 10:00<\/td>\n<\/tr>\n<tr>\n<td>Teema<\/td>\n<td width=\"473\">Avak\u00f5ne: \u00dclerahvastatus maailmas<\/td>\n<\/tr>\n<tr>\n<td>Asukoht<\/td>\n<td width=\"473\">Sokos Hotel Viru &#8211; Grande (1-3)<\/td>\n<\/tr>\n<tr>\n<td>Sihtr\u00fchm<\/td>\n<td width=\"473\">K\u00f5ikidele kuulajatele avatud<\/td>\n<\/tr>\n<tr>\n<td>Eesistuja<\/td>\n<td width=\"473\">Lion Riina Quak<\/td>\n<\/tr>\n<tr>\n<td>K\u00f5neleja<\/td>\n<td width=\"473\">Professor Dr. Tarmo Soomere<\/td>\n<\/tr>\n<tr>\n<td>Kirjeldus<\/td>\n<td width=\"473\">\n<div id=\"docs-chrome\" class=\"docs-material companion-enabled\" tabindex=\"0\" role=\"group\">\n<div id=\"docs-additional-bars\">\n<div id=\"waffle-editorsized-bar\">\n<div id=\"formula-bar\">\n<div id=\"t-formula-bar-input-container\">\n<div dir=\"ltr\">\n<div id=\"t-formula-bar-input\" spellcheck=\"false\">\n<div class=\"cell-input\" dir=\"ltr\" tabindex=\"0\" role=\"combobox\" contenteditable=\"true\" aria-autocomplete=\"list\" aria-label=\"E35\">Harva m\u00f5tleme teemadele, kuidas on\u00a0kliimamuutuste tagaj\u00e4rjel t\u00f5usnud j\u00e4rkj\u00e4rgult \u00f5hutemperatuur, muutunud sademete hulk v\u00f5i merevee tase. Probleem peitub selles, et muutused ilmnevad ekstreemsete s\u00fcndmuste tagaj\u00e4rjel ning looduslike \u00f6kos\u00fcsteemide ja inimasutuste vastupanuv\u00f5ime v\u00f5ib hetkega v\u00e4heneda. Isegi kui v\u00f5iksime tunda kaasa j\u00e4\u00e4karudele, kelle j\u00e4ine keskkond h\u00e4vineb vaikselt, muutub eriti katastroofiliseks olukord siis, kui v\u00e4line surve (nt veetase) t\u00f5useb \u00fcle teatud v\u00e4\u00e4rtuse. Eriti suurt survet avaldab see rannikupiirkondadele, kus \u00e4\u00e4rmuslikud veetasemed ning k\u00f5rged lained v\u00f5ivad suuri linnu lihtsalt h\u00e4vitada ning uputada ja inimestel ei ole peale tormi enam kuhugi naasta. Seda on eelmise aastatuhande jooksul Euroopas mitmeid kordi juhtunud. On t\u00f5en\u00e4oline, et 2070. aastaks peab rohkem kui miljard inimest otsima endale selle t\u00f5ttu uue elukoha. Massiivne r\u00e4nne m\u00f5jutab\u00a0pikapeale tervet tsivilisatsiooni, sh ka neid riike, kus t\u00e4na on meeldiv kliima ning mis asuvad merepinnast oluliselt k\u00f5rgemal. On ebat\u00f5en\u00e4oline, et sellist olukorda tulevikus v\u00e4ltida saab, kuid on mitmeid viise, kuidas saame end selleks ette valmistada ning l\u00e4bi erinevate tegevuste muuta inimkonda tugevamaks.<\/div>\n<\/div>\n<\/div>\n<\/div>\n<\/div>\n<\/div>\n<\/div>\n<\/div>\n<\/td>\n<\/tr>\n<\/tbody>\n<\/table>\n<p>[\/vc_column_text][\/vc_tta_section][\/vc_tta_accordion][vc_column_text]<span style=\"font-size: 18pt;\">10:30-12:30<\/span>[\/vc_column_text][vc_tta_accordion style=&#8221;modern&#8221; shape=&#8221;square&#8221; active_section=&#8221;&#8221; collapsible_all=&#8221;true&#8221;][vc_tta_section title=&#8221;Euroopa-Aasia komitee | Arcturus | Nordic Hotel Forum&#8221; tab_id=&#8221;1564667003268-58fd5ec1-68c5&#8243; el_class=&#8221;internationalrelations&#8221;][vc_column_text]<\/p>\n<table width=\"575\">\n<tbody>\n<tr>\n<td width=\"102\">Kuup\u00e4ev<\/td>\n<td width=\"473\">\u00a0Reede, 4. oktoober<\/td>\n<\/tr>\n<tr>\n<td>Aeg<\/td>\n<td width=\"473\">10:30 &#8211; 12:30<\/td>\n<\/tr>\n<tr>\n<td>Teema<\/td>\n<td width=\"473\">Euroopa-Aasia komitee<\/td>\n<\/tr>\n<tr>\n<td>Asukoht<\/td>\n<td width=\"473\">Nordic Hotel Forum &#8211; Arcturus<\/td>\n<\/tr>\n<tr>\n<td>Sihtr\u00fchm<\/td>\n<td width=\"473\">Lionid, kes tunnevad huvi erinevatest Euroopa riikidest p\u00e4rit inimeste \u00fcksteise vahelise m\u00f5istmise vastu ning saada teadlikumaks Euroopa kodanike vaimust ning sellest, kuidas Lionism Euroopas on levinud.<\/td>\n<\/tr>\n<tr>\n<td>Eesistuja<\/td>\n<td width=\"473\">PDG Renato Carlo Sambugaro<\/td>\n<\/tr>\n<tr>\n<td>Eesistuja aset\u00e4itja<\/td>\n<td width=\"473\">PID Elien Van Dille<\/td>\n<\/tr>\n<tr>\n<td>K\u00f5neleja<\/td>\n<td width=\"473\">MJF Inna Flaga<\/td>\n<\/tr>\n<tr>\n<td>Sekret\u00e4r<\/td>\n<td width=\"473\">VDG Manuela Lott<\/td>\n<\/tr>\n<tr>\n<td>Kirjeldus<\/td>\n<td width=\"473\">Euroopa-Aasia komitee loodi selleks, et aidata Euroopa lionite kogemuse najal toetada lionite tegevust Aasias.<\/td>\n<\/tr>\n<\/tbody>\n<\/table>\n<p>[\/vc_column_text][\/vc_tta_section][\/vc_tta_accordion][vc_column_text]<span style=\"font-size: 18pt;\">10:30-12:00<\/span>[\/vc_column_text][vc_tta_accordion style=&#8221;modern&#8221; shape=&#8221;square&#8221; active_section=&#8221;&#8221; collapsible_all=&#8221;true&#8221;][vc_tta_section title=&#8221;Bert Masoni Noore Heatahtesaadiku konkurss SISSEJUHATUS | Altair| Nordic Hotel Forum&#8221; tab_id=&#8221;1564667138601-41d01a92-894e&#8221; el_class=&#8221;youngambassadors&#8221;][vc_column_text]<\/p>\n<table width=\"575\">\n<tbody>\n<tr>\n<td width=\"102\">Kuup\u00e4ev<\/td>\n<td width=\"473\">\u00a0Reede, 4. oktoober<\/td>\n<\/tr>\n<tr>\n<td>Aeg<\/td>\n<td width=\"473\">10:30 &#8211; 12:00<\/td>\n<\/tr>\n<tr>\n<td>Teema<\/td>\n<td width=\"473\">Bert Masoni Noore Heatahtesaadiku konkurss SISSEJUHATUS<\/td>\n<\/tr>\n<tr>\n<td>Asukoht<\/td>\n<td width=\"473\">Nordic Hotel Forum &#8211; Altair<\/td>\n<\/tr>\n<tr>\n<td>Sihtr\u00fchm<\/td>\n<td width=\"473\">K\u00f5ikidele kuulajatele avatud<\/td>\n<\/tr>\n<tr>\n<td>Eesistuja<\/td>\n<td width=\"473\">Lion Pompilia Szellner<\/td>\n<\/tr>\n<tr>\n<td>K\u00f5neleja<\/td>\n<td width=\"473\">Lion Pompilia Szellner<\/td>\n<\/tr>\n<tr>\n<td>Kirjeldus<\/td>\n<td width=\"473\">\n<div id=\"docs-chrome\" class=\"docs-material companion-enabled\" tabindex=\"0\" role=\"group\">\n<div id=\"docs-additional-bars\">\n<div id=\"waffle-editorsized-bar\">\n<div id=\"formula-bar\">\n<div id=\"t-formula-bar-input-container\">\n<div dir=\"ltr\">\n<div id=\"t-formula-bar-input\" spellcheck=\"false\">\n<div class=\"cell-input\" dir=\"ltr\" tabindex=\"0\" role=\"combobox\" contenteditable=\"true\" aria-autocomplete=\"list\" aria-label=\"E55\">Bert Masoni Noore Heatahtesaadiku konkurss tutvustamine<\/div>\n<\/div>\n<\/div>\n<\/div>\n<\/div>\n<\/div>\n<\/div>\n<\/div>\n<\/td>\n<\/tr>\n<\/tbody>\n<\/table>\n<p>[\/vc_column_text][\/vc_tta_section][\/vc_tta_accordion][vc_column_text]10:30-12:00[\/vc_column_text][vc_tta_accordion style=&#8221;modern&#8221; shape=&#8221;square&#8221; active_section=&#8221;&#8221; collapsible_all=&#8221;true&#8221;][vc_tta_section title=&#8221;GAT Kordinaatorite N\u00f5upidamine |\u00a0Capella | Nordic\u00a0Hotel Forum&#8221; tab_id=&#8221;hallikasroheline1&#8243; el_class=&#8221;leo-lions&#8221;][vc_column_text]<\/p>\n<table width=\"575\">\n<tbody>\n<tr>\n<td>Kuup\u00e4ev<\/td>\n<td>\u00a0Reede, 4. oktoober<\/td>\n<\/tr>\n<tr>\n<td>Aeg<\/td>\n<td>10:30 &#8211; 12:00<\/td>\n<\/tr>\n<tr>\n<td>Teema<\/td>\n<td>GAT Kordinaatorite N\u00f5upidamine<\/td>\n<\/tr>\n<tr>\n<td>Asukoht<\/td>\n<td>Nordic\u00a0Hotel Forum &#8211; Capella<\/td>\n<\/tr>\n<tr>\n<td>Sihtr\u00fchm<\/td>\n<td>N\u00f5ukogu eesistujad, piirkonna kubernerid, MD ja D koordinaatorid,\u00a0 New Voices, Specialty Clubs koordinaatorid Leod<\/td>\n<\/tr>\n<tr>\n<td>Eesistuja<\/td>\n<td>PID Robert Rettby<\/td>\n<\/tr>\n<tr>\n<td>Eesistuja aset\u00e4itja<\/td>\n<td>PID Claudette Cornet<\/td>\n<\/tr>\n<tr>\n<td>K\u00f5neleja<\/td>\n<td>Avatud arutelud<\/td>\n<\/tr>\n<tr>\n<td>Kirjeldus<\/td>\n<td>Piirkonna GAT, GMT, GLT ja GST<\/td>\n<\/tr>\n<\/tbody>\n<\/table>\n<p>[\/vc_column_text][\/vc_tta_section][\/vc_tta_accordion][vc_column_text]<span style=\"font-size: 18pt;\">10:30-12:00<\/span>[\/vc_column_text][vc_tta_accordion style=&#8221;modern&#8221; shape=&#8221;square&#8221; active_section=&#8221;&#8221; collapsible_all=&#8221;true&#8221;][vc_tta_section title=&#8221;Euroopa Aafrika komitee (kinnine koosolek) | Duetto | Sokos Hotel Viru&#8221; tab_id=&#8221;1564667221985-2a913048-3473&#8243; el_class=&#8221;internationalrelations&#8221;][vc_column_text]<\/p>\n<table width=\"575\">\n<tbody>\n<tr>\n<td width=\"102\">Kuup\u00e4ev<\/td>\n<td width=\"473\">\u00a0Reede, 4. oktoober<\/td>\n<\/tr>\n<tr>\n<td>Aeg<\/td>\n<td width=\"473\">10:30 &#8211; 12:00<\/td>\n<\/tr>\n<tr>\n<td>Teema<\/td>\n<td width=\"473\">Euroopa Aafrika komitee (kinnine koosolek)<\/td>\n<\/tr>\n<tr>\n<td>Asukoht<\/td>\n<td width=\"473\">Sokos Hotel Viru &#8211; Duetto<\/td>\n<\/tr>\n<tr>\n<td>Sihtr\u00fchm<\/td>\n<td width=\"473\">Ainult n\u00f5ukogu liikmed<\/td>\n<\/tr>\n<tr>\n<td>Eesistuja<\/td>\n<td width=\"473\">PDG Heinemann<\/td>\n<\/tr>\n<tr>\n<td>Eesistuja aset\u00e4itja<\/td>\n<td width=\"473\">PDG C\u00e9sar Mahina Kalakuta<\/td>\n<\/tr>\n<tr>\n<td>K\u00f5neleja<\/td>\n<td width=\"473\">K\u00f5ik komitee liikmed<\/td>\n<\/tr>\n<tr>\n<td>Sekret\u00e4r<\/td>\n<td width=\"473\">PP Rita Bella Ada<\/td>\n<\/tr>\n<tr>\n<td>Kirjeldus<\/td>\n<td width=\"473\">Kava:<br \/>\n&#8211; Avas\u00f5nad ja tervitused<br \/>\n&#8211; Sissejuhatus<br \/>\n&#8211; Skopje 2018 Euroopa foorumi kinnise koosoleku protokoll<br \/>\n&#8211; Uute komitee liikmete heakskiitmine, kui kandidaate on<br \/>\n&#8211; Eesistuja poolt koostatud aruanne arengust peale 2018. aasta Euroopa Foorumit<br \/>\n&#8211; N\u00f5ukogu veebilehek\u00fclg,<br \/>\n&#8211; Kiirabilaevad DRC (Danish Refugee Council) jaoks,<br \/>\n&#8211; arutelu v\u00f5i komitee sihid 2019.\/-20. aastaks<br \/>\n&#8211; Muudatused<br \/>\n&#8211; L\u00f5pps\u00f5na<\/td>\n<\/tr>\n<\/tbody>\n<\/table>\n<p>[\/vc_column_text][\/vc_tta_section][\/vc_tta_accordion][vc_column_text]<span style=\"font-size: 18pt;\">10:30-12:00<\/span>[\/vc_column_text][vc_tta_accordion style=&#8221;modern&#8221; shape=&#8221;square&#8221; active_section=&#8221;&#8221; collapsible_all=&#8221;true&#8221;][vc_tta_section tab_id=&#8221;1564667420537-5397aca2-e46a&#8221; el_class=&#8221;leo-lions&#8221; title=&#8221;Refugee Relief Committee (kinnine istung)| Semi | Sokos Hotel Viru&#8221;][vc_column_text]<\/p>\n<table style=\"height: 263px;\" width=\"575\">\n<tbody>\n<tr style=\"height: 24px;\">\n<td style=\"height: 24px; width: 101px;\">Kuup\u00e4ev<\/td>\n<td style=\"height: 24px; width: 458px;\">\u00a0Reede, 4. oktoober<\/td>\n<\/tr>\n<tr style=\"height: 24px;\">\n<td style=\"height: 24px; width: 101px;\">Aeg<\/td>\n<td style=\"height: 24px; width: 458px;\">10:30 &#8211; 12:00<\/td>\n<\/tr>\n<tr style=\"height: 24px;\">\n<td style=\"height: 24px; width: 101px;\">Teema<\/td>\n<td style=\"height: 24px; width: 458px;\">\n<div id=\"docs-chrome\" class=\"docs-material companion-enabled\" tabindex=\"0\" role=\"group\">\n<div id=\"docs-additional-bars\">\n<div id=\"waffle-editorsized-bar\">\n<div id=\"formula-bar\">\n<div id=\"t-formula-bar-input-container\">\n<div dir=\"ltr\">\n<div id=\"t-formula-bar-input\" spellcheck=\"false\">\n<div class=\"cell-input\" dir=\"ltr\" tabindex=\"0\" role=\"combobox\" contenteditable=\"true\" aria-autocomplete=\"list\" aria-label=\"D7\">Pagulaste abistamise komitee (kinnine istung)<\/div>\n<\/div>\n<\/div>\n<\/div>\n<\/div>\n<\/div>\n<\/div>\n<\/div>\n<\/td>\n<\/tr>\n<tr style=\"height: 24px;\">\n<td style=\"height: 24px; width: 101px;\">Ruum<\/td>\n<td style=\"height: 24px; width: 458px;\">Sokos Hotel Viru &#8211; Semi<\/td>\n<\/tr>\n<tr style=\"height: 48px;\">\n<td style=\"height: 48px; width: 101px;\">Sihtr\u00fchm<\/td>\n<td style=\"height: 48px; width: 458px;\">Ainult komitee liikmed<\/td>\n<\/tr>\n<tr style=\"height: 23px;\">\n<td style=\"height: 23px; width: 101px;\">Eesistuja<\/td>\n<td style=\"height: 23px; width: 458px;\">Lion Claudia Balduzzi<\/td>\n<\/tr>\n<tr style=\"height: 24px;\">\n<td style=\"height: 24px; width: 101px;\">Eesistuja aset\u00e4itja<\/td>\n<td style=\"height: 24px; width: 458px;\">PID Howard Lee<\/td>\n<\/tr>\n<tr style=\"height: 24px;\">\n<td style=\"height: 24px; width: 101px;\">K\u00f5nelejad<\/td>\n<td style=\"height: 24px; width: 458px;\">K\u00f5ik RRC komitee liikmed<\/td>\n<\/tr>\n<tr style=\"height: 24px;\">\n<td style=\"width: 101px; height: 24px;\">Sekret\u00e4r<\/td>\n<td style=\"width: 458px; height: 24px;\">Lion Claudia Balduzzi<\/td>\n<\/tr>\n<tr style=\"height: 24px;\">\n<td style=\"height: 24px; width: 101px;\">Kirjeldus<\/td>\n<td style=\"height: 24px; width: 458px;\">Komitee probleemide ja tuleviku alased disskussioonid<\/td>\n<\/tr>\n<\/tbody>\n<\/table>\n<p>[\/vc_column_text][\/vc_tta_section][\/vc_tta_accordion][vc_column_text]<span style=\"font-size: 18pt;\">10:30-12:00<\/span>[\/vc_column_text][vc_tta_accordion style=&#8221;modern&#8221; shape=&#8221;square&#8221; active_section=&#8221;&#8221; collapsible_all=&#8221;true&#8221;][vc_tta_section title=&#8221;LCI Privacy Working Group | Vega | Nordic Hotel Forum&#8221; tab_id=&#8221;1564667420537-5397aca2-e46a&#8221; el_class=&#8221;leo-lions&#8221;][vc_column_text]<\/p>\n<table style=\"height: 219px;\" width=\"575\">\n<tbody>\n<tr style=\"height: 24px;\">\n<td style=\"width: 101px; height: 24px;\">Kuup\u00e4ev<\/td>\n<td style=\"width: 458px; height: 24px;\">\u00a0Reede, 4. oktoober<\/td>\n<\/tr>\n<tr style=\"height: 24px;\">\n<td style=\"width: 101px; height: 24px;\">Aeg<\/td>\n<td style=\"width: 458px; height: 24px;\">10:30 &#8211; 12:00<\/td>\n<\/tr>\n<tr style=\"height: 24px;\">\n<td style=\"width: 101px; height: 24px;\">Teema<\/td>\n<td style=\"width: 458px; height: 24px;\">\n<div id=\"docs-chrome\" class=\"docs-material companion-enabled\" tabindex=\"0\" role=\"group\">\n<div id=\"docs-additional-bars\">\n<div id=\"waffle-editorsized-bar\">\n<div id=\"formula-bar\">\n<div id=\"t-formula-bar-input-container\">\n<div dir=\"ltr\">\n<div id=\"t-formula-bar-input\" spellcheck=\"false\">\n<div class=\"cell-input\" dir=\"ltr\" tabindex=\"0\" role=\"combobox\" contenteditable=\"true\" aria-autocomplete=\"list\" aria-label=\"D7\">LCI privaatsuse t\u00f6\u00f6grupp (kinnine koosolek)<\/div>\n<\/div>\n<\/div>\n<\/div>\n<\/div>\n<\/div>\n<\/div>\n<\/div>\n<\/td>\n<\/tr>\n<tr style=\"height: 24px;\">\n<td style=\"width: 101px; height: 24px;\">Ruum<\/td>\n<td style=\"width: 458px; height: 24px;\">Nordic Hotel Forum &#8211; Vega<\/td>\n<\/tr>\n<tr style=\"height: 48px;\">\n<td style=\"width: 101px; height: 28px;\">Sihtr\u00fchm<\/td>\n<td style=\"width: 458px; height: 28px;\">Ainult komitee liikmed<\/td>\n<\/tr>\n<tr style=\"height: 23px;\">\n<td style=\"width: 101px; height: 23px;\">Eesistuja<\/td>\n<td style=\"width: 458px; height: 23px;\">ID Regina Risken<\/td>\n<\/tr>\n<tr style=\"height: 24px;\">\n<td style=\"width: 101px; height: 24px;\">Kirjeldus<\/td>\n<td style=\"width: 458px; height: 24px;\">Vastavalt t\u00f6\u00f6grupi p\u00e4evakavale.<\/td>\n<\/tr>\n<\/tbody>\n<\/table>\n<p>[\/vc_column_text][\/vc_tta_section][\/vc_tta_accordion][vc_column_text]<span style=\"font-size: 18pt;\">10:30-13:00<\/span>[\/vc_column_text][vc_tta_accordion style=&#8221;modern&#8221; shape=&#8221;square&#8221; active_section=&#8221;&#8221; collapsible_all=&#8221;true&#8221;][vc_tta_section title=&#8221;Maailma kohvik: Loome koos j\u00e4tkusuutliku tuleviku &#8211; Lionid v\u00f5itlevad koos puhta vee eest | Grande 1 | Sokos Hotel Viru&#8221; tab_id=&#8221;1564667420537-5397aca2-e46a&#8221; el_class=&#8221;leo-lions&#8221;][vc_column_text]<\/p>\n<table width=\"575\">\n<tbody>\n<tr>\n<td width=\"102\">Kuup\u00e4ev<\/td>\n<td width=\"473\">\u00a0Reede, 4. oktoober<\/td>\n<\/tr>\n<tr>\n<td>Aeg<\/td>\n<td width=\"473\">10:30 &#8211; 13:00<\/td>\n<\/tr>\n<tr>\n<td>Teema<\/td>\n<td width=\"473\">Maailma kohvik: Loome koos j\u00e4tkusuutliku tuleviku &#8211; Lionid v\u00f5itlevad koos puhta vee eest<\/td>\n<\/tr>\n<tr>\n<td>Asukoht<\/td>\n<td width=\"473\">Sokos Hotel Viru &#8211; Grande 1<\/td>\n<\/tr>\n<tr>\n<td>Sihtr\u00fchm<\/td>\n<td width=\"473\">K\u00f5ikidele kuulajatele avatud<\/td>\n<\/tr>\n<tr>\n<td>Eesistuja<\/td>\n<td width=\"473\">Lion Karoliina Vilander<\/td>\n<\/tr>\n<tr>\n<td>K\u00f5nelejad<\/td>\n<td width=\"473\">Lion Karoliina Vilander<br \/>\nLion Mika Pirttivaara<br \/>\nLion Tiitus Tuohikorpi<\/td>\n<\/tr>\n<tr>\n<td>Kirjeldus<\/td>\n<td width=\"473\">Arendame koos ideid ja uusi l\u00e4henemisi, kuidas Lionid ja Leod koos partneritega saaksid lahendada erinevaid puhta vee ja s\u00e4\u00e4stva ringmajandusega seotud keskkonnalaseid v\u00e4ljakutseid.<\/td>\n<\/tr>\n<\/tbody>\n<\/table>\n<p>[\/vc_column_text][\/vc_tta_section][\/vc_tta_accordion][vc_column_text]<span style=\"font-size: 18pt;\">10:30-13:00<\/span>[\/vc_column_text][vc_tta_accordion style=&#8221;modern&#8221; shape=&#8221;square&#8221; active_section=&#8221;&#8221; collapsible_all=&#8221;true&#8221;][vc_tta_section title=&#8221;Maailma kohvik: R\u00e4\u00e4gime pr\u00fcgist! Kuidas koostada enda \u201eHoian puhtust\u201c kava | Grande 2 | Sokos Hotel Viru&#8221; tab_id=&#8221;1564667420537-5397aca2-e46a&#8221; el_class=&#8221;leo-lions&#8221;][vc_column_text]<\/p>\n<table width=\"575\">\n<tbody>\n<tr>\n<td width=\"102\">Kuup\u00e4ev<\/td>\n<td width=\"473\">\u00a0Reede, 4. oktoober<\/td>\n<\/tr>\n<tr>\n<td>Aeg<\/td>\n<td width=\"473\">10:30 &#8211; 13:00<\/td>\n<\/tr>\n<tr>\n<td>Teema<\/td>\n<td width=\"473\">Maailma kohvik: R\u00e4\u00e4gime pr\u00fcgist! Kuidas koostada enda \u201eHoian puhtust\u201c kava<\/td>\n<\/tr>\n<tr>\n<td>Asukoht<\/td>\n<td width=\"473\">Sokos Hotel Viru &#8211; Grande 2<\/td>\n<\/tr>\n<tr>\n<td>Sihtr\u00fchm<\/td>\n<td width=\"473\">K\u00f5ikidele kuulajatele avatud<\/td>\n<\/tr>\n<tr>\n<td>Eesistuja<\/td>\n<td width=\"473\">Kadi Kenk<\/td>\n<\/tr>\n<tr>\n<td>Eesistuja aset\u00e4itja<\/td>\n<td width=\"473\">Lion Riina Quak<\/td>\n<\/tr>\n<tr>\n<td>K\u00f5neleja<\/td>\n<td width=\"473\">Kadi Kenk<\/td>\n<\/tr>\n<tr>\n<td>Kirjeldus<\/td>\n<td width=\"473\">Heidame pilgu t\u00e4nase maailma resursside kasutusse. Avastamata valdkonnas, millesse ehk lionid tahavad panustada (nt sotsiaalsed t\u00f6\u00f6j\u00f5u probleemid j\u00e4\u00e4tmete k\u00e4itlemises; haridus lastele, kes korjavad ja elavad pr\u00fcgist; investeerimine kommunaalsete j\u00e4\u00e4tmete k\u00e4itlemisesse, et j\u00e4\u00e4tmereostusest tingitud tervisemurede vastu v\u00f5idelda) ja arutleme, kuidas juba olemasolevate lioni projektide kaudu positiivset m\u00f5ju suurendada, et saada j\u00e4\u00e4tmevabaks.<\/td>\n<\/tr>\n<\/tbody>\n<\/table>\n<p>[\/vc_column_text][\/vc_tta_section][\/vc_tta_accordion][vc_column_text]<span style=\"font-size: 18pt;\">10:30-13:00<\/span>[\/vc_column_text][vc_tta_accordion style=&#8221;modern&#8221; shape=&#8221;square&#8221; active_section=&#8221;&#8221; collapsible_all=&#8221;true&#8221;][vc_tta_section title=&#8221;Maailma kohvik: Kliimakompensatsioon: J\u00e4tkusuutlike lionite klubi \u2013 Kliimas\u00f5bralikud tegevused | Grande 3 | Sokos Hotel Viru&#8221; tab_id=&#8221;1564667428327-e7cc9ce4-f227&#8243; el_class=&#8221;leo-lions&#8221;][vc_column_text]<\/p>\n<table style=\"height: 544px;\" width=\"575\">\n<tbody>\n<tr style=\"height: 24px;\">\n<td style=\"width: 100px; height: 24px;\">Kuup\u00e4ev<\/td>\n<td style=\"width: 459px; height: 24px;\">\u00a0Reede, 4. oktoober<\/td>\n<\/tr>\n<tr style=\"height: 24px;\">\n<td style=\"width: 100px; height: 24px;\">Aeg<\/td>\n<td style=\"width: 459px; height: 24px;\">10:30 &#8211; 13:00<\/td>\n<\/tr>\n<tr style=\"height: 48px;\">\n<td style=\"width: 100px; height: 48px;\">Teema<\/td>\n<td style=\"width: 459px; height: 48px;\">Maailma kohvik: Kliimakompensatsioon: J\u00e4tkusuutlike lionite klubi \u2013 Kliimas\u00f5bralikud tegevused<\/td>\n<\/tr>\n<tr style=\"height: 24px;\">\n<td style=\"width: 100px; height: 24px;\">Asukoht<\/td>\n<td style=\"width: 459px; height: 24px;\">Sokos Hotel Viru &#8211; Grande 3<\/td>\n<\/tr>\n<tr style=\"height: 48px;\">\n<td style=\"width: 100px; height: 48px;\">Sihtr\u00fchm<\/td>\n<td style=\"width: 459px; height: 48px;\">Klubi presidendid, Ala ja piirkonna esiistujad, piirkondlikud juhid, keskkonna eesistujad<\/td>\n<\/tr>\n<tr style=\"height: 24px;\">\n<td style=\"width: 100px; height: 24px;\">Eesistuja<\/td>\n<td style=\"width: 459px; height: 24px;\">DG Prof. Angelika Meeth-Milbradt<\/td>\n<\/tr>\n<tr style=\"height: 48px;\">\n<td style=\"width: 100px; height: 48px;\">Eesistuja aset\u00e4itja<\/td>\n<td style=\"width: 459px; height: 48px;\">IPDG Wolfgang Tiersch<\/td>\n<\/tr>\n<tr style=\"height: 106px;\">\n<td style=\"width: 100px; height: 64px;\">K\u00f5nelejad<\/td>\n<td style=\"width: 459px; height: 64px;\">Leo-ILO Alina Ritter<br \/>\n2. VG Roswitha Hahn<br \/>\nDG Gerlinde Brandstetter<\/td>\n<\/tr>\n<tr style=\"height: 24px;\">\n<td style=\"width: 100px; height: 24px;\">Sekret\u00e4r<\/td>\n<td style=\"width: 459px; height: 24px;\">PDG Dr. Gerhard Noe<\/td>\n<\/tr>\n<tr style=\"height: 216px;\">\n<td style=\"width: 100px; height: 216px;\">KirjeldusE<\/td>\n<td style=\"width: 459px; height: 216px;\">Inimtegevuse tagaj\u00e4rjel on maa keskmine \u00f5hutemperatuuri 20. sajandil oluliselt t\u00f5stnud. Meie elustiili tagaj\u00e4rjel tekivad kasvuhoonegaasid, mille tagaj\u00e4rjjel on ohus meie endi vabadus, rahu ja heaolu. Kutsume \u00fcles k\u00f5iki \u00fchiskonnar\u00fchmi tegutsema! Lionid ja leod &#8211; v\u00f5tkem vastutus!. Mida saab kohalikul tasandil teha, mida globaalselt, et globaalse soojenemise tagaj\u00e4rgi v\u00e4hendada ja tagasi p\u00f6\u00f6rata?<br \/>\nMillised v\u00f5iksid olla soovitused klubide tedevuseks ja ennetavad kliimat kaitsvad projektid.<\/td>\n<\/tr>\n<\/tbody>\n<\/table>\n<p>[\/vc_column_text][\/vc_tta_section][\/vc_tta_accordion][vc_column_text]<span style=\"font-size: 18pt;\">11:00-13:00<\/span>[\/vc_column_text][vc_tta_accordion style=&#8221;modern&#8221; shape=&#8221;square&#8221; active_section=&#8221;&#8221; collapsible_all=&#8221;true&#8221;][vc_tta_section title=&#8221;Uute liikmete t\u00f6\u00f6tuba | Bolero | Sokos Hotel Viru&#8221; tab_id=&#8221;1564667528284-8b599965-3215&#8243; el_class=&#8221;thematicmeetings&#8221;][vc_column_text]<\/p>\n<table width=\"575\">\n<tbody>\n<tr>\n<td width=\"102\">Kuup\u00e4ev<\/td>\n<td width=\"473\">\u00a0Reede, 4. oktoober<\/td>\n<\/tr>\n<tr>\n<td>Aeg<\/td>\n<td width=\"473\">11:00 &#8211; 13:00<\/td>\n<\/tr>\n<tr>\n<td>Teema<\/td>\n<td width=\"473\">Uute liikmete t\u00f6\u00f6tuba<\/td>\n<\/tr>\n<tr>\n<td>Asukoht<\/td>\n<td width=\"473\">Sokos Hotel Viru &#8211; Bolero<\/td>\n<\/tr>\n<tr>\n<td>Sihtr\u00fchm<\/td>\n<td width=\"473\">Lionid ja leod, kes osalevad foorumil esimest korda<\/td>\n<\/tr>\n<tr>\n<td>Eesistuja<\/td>\n<td width=\"473\">Leo Karin K\u00fcnnapas<\/td>\n<\/tr>\n<tr>\n<td>Eesistuja aset\u00e4itja<\/td>\n<td width=\"473\">Lion Heili Pirso<\/td>\n<\/tr>\n<tr>\n<td>K\u00f5nelejad<\/td>\n<td width=\"473\">Leo Karin K\u00fcnnapas &amp; Lion Heili Pirso<\/td>\n<\/tr>\n<tr>\n<td>Sekret\u00e4r<\/td>\n<td width=\"473\">KINNITAMISEL<\/td>\n<\/tr>\n<tr>\n<td>Kirjeldus<\/td>\n<td width=\"473\">Koosolek k\u00f5ikidele, kes Euroopa foorumit esimest korda k\u00fclastavad. Koosoleku eesm\u00e4rk on anda \u00fclevaade foorumil toimuvast ning teineteist paremini tundma \u00f5ppida.<\/td>\n<\/tr>\n<\/tbody>\n<\/table>\n<p>[\/vc_column_text][\/vc_tta_section][\/vc_tta_accordion][vc_column_text]<span style=\"font-size: 18pt;\">11:00-13:00<\/span>[\/vc_column_text][vc_tta_accordion style=&#8221;modern&#8221; shape=&#8221;square&#8221; active_section=&#8221;&#8221; collapsible_all=&#8221;true&#8221;][vc_tta_section title=&#8221;WaSH WG juhatuse koosolek (kinnine koosolek) | Allegro | Sokos Hotel Viru&#8221; tab_id=&#8221;1564667637938-dddaa612-1001&#8243; el_class=&#8221;leo-lions&#8221;][vc_column_text]<\/p>\n<table width=\"575\">\n<tbody>\n<tr>\n<td width=\"102\">Kuup\u00e4ev<\/td>\n<td width=\"473\">Reede, 4. oktoober<\/td>\n<\/tr>\n<tr>\n<td>Aeg<\/td>\n<td width=\"473\">11:00 &#8211; 13:00<\/td>\n<\/tr>\n<tr>\n<td>Teema<\/td>\n<td width=\"473\">WaSH WG juhatuse koosolek (kinnine koosolek)<\/td>\n<\/tr>\n<tr>\n<td>Asukoht<\/td>\n<td width=\"473\">Sokos Hotel Viru &#8211; Allegro<\/td>\n<\/tr>\n<tr>\n<td>Sihtr\u00fchm<\/td>\n<td width=\"473\">Wash juhatuse liikmed<\/td>\n<\/tr>\n<tr>\n<td>Eesistuja<\/td>\n<td width=\"473\">PDG Reinhold Hocke<\/td>\n<\/tr>\n<tr>\n<td>Eesistuja aset\u00e4itja<\/td>\n<td width=\"473\">\n<div id=\"docs-chrome\" class=\"docs-material companion-enabled\" tabindex=\"0\" role=\"group\">\n<div id=\"docs-additional-bars\">\n<div id=\"waffle-editorsized-bar\">\n<div id=\"formula-bar\">\n<div id=\"t-formula-bar-input-container\">\n<div dir=\"ltr\">\n<div id=\"t-formula-bar-input\" spellcheck=\"false\">\n<div class=\"cell-input\" dir=\"ltr\" tabindex=\"0\" role=\"combobox\" contenteditable=\"true\" aria-autocomplete=\"list\" aria-label=\"F24\">PDG Moritz Bickel<\/div>\n<\/div>\n<\/div>\n<\/div>\n<\/div>\n<\/div>\n<\/div>\n<\/div>\n<\/td>\n<\/tr>\n<tr>\n<td>K\u00f5neleja<\/td>\n<td width=\"473\">PDG Reinhold Hocke<\/td>\n<\/tr>\n<tr>\n<td>Sekret\u00e4r<\/td>\n<td width=\"473\">IPDG Hans-Ludwig Rau<\/td>\n<\/tr>\n<tr>\n<td>Kirjeldus<\/td>\n<td width=\"473\">Koosoleku eesm\u00e4rk on v\u00e4lja selgitada probleemsed valdkonnad ja t\u00f6\u00f6grupi raskused ning koos arutades j\u00f5uda elluviidavate lahendusteni. K\u00f5ik foorumil osalevad piirkonnad v\u00f5ivad koosolekule saata oma WaSH t\u00f6\u00f6grupi esindaja.<br \/>\nHetkeseisuga on WaSH t\u00f6\u00f6grupi ametlikud liikmed: MD 102 (\u0160veits), MD 103 (Prantsusmaa), MD 105 (Briti saared ja Iirimaa), MD 106 (Taani), MD 107 (Soome), MD 108 (Itaalia), MD 111 (Saksamaa), MD 112 (Belgia), eelpool mitte nimetatud Euroopa Foorumi liikmesriigid (MD) v\u00f5ivad esitada \u00fche esindaja ja saata ta WaSH t\u00f6\u00f6grupiga liituma.<\/td>\n<\/tr>\n<\/tbody>\n<\/table>\n<p>[\/vc_column_text][\/vc_tta_section][\/vc_tta_accordion][vc_column_text]<span style=\"font-size: 18pt;\">14:15-15:15<\/span>[\/vc_column_text][vc_tta_accordion style=&#8221;modern&#8221; shape=&#8221;square&#8221; active_section=&#8221;&#8221; collapsible_all=&#8221;true&#8221;][vc_tta_section title=&#8221;Lionite paraad | Sokos Hotel Viru &#8211; Alexela Kontserdimaja&#8221; tab_id=&#8221;1564667702856-3ce91e7b-6884&#8243; el_class=&#8221;gat&#8221;][vc_column_text]<\/p>\n<table width=\"575\">\n<tbody>\n<tr>\n<td width=\"102\">Kuup\u00e4ev<\/td>\n<td width=\"473\">\u00a0Reede, 4. oktoober<\/td>\n<\/tr>\n<tr>\n<td>Aeg<\/td>\n<td width=\"473\">14:15 &#8211; 15:15<\/td>\n<\/tr>\n<tr>\n<td>Teema<\/td>\n<td width=\"473\">Lionite paraad<\/td>\n<\/tr>\n<tr>\n<td>Asukoht<\/td>\n<td width=\"473\">\u00a0Sokos Hotel Viru &#8211; Alexela Kontserdimaja<\/td>\n<\/tr>\n<tr>\n<td>Sihtr\u00fchm<\/td>\n<td width=\"473\">Lionid, Leod, k\u00fclalised ja nende kaaslased<\/td>\n<\/tr>\n<tr>\n<td>Korraldaja<\/td>\n<td width=\"473\">PDG Vello Tamm<\/td>\n<\/tr>\n<tr>\n<td>Kirjeldus<\/td>\n<td width=\"473\">\u00dchine paraad k\u00f5ikidele lionitele ja leodele liigub Sokos Hotel Virust kuni Alexela Kontserdimajani (500 meetrit). Pane selga rahvariided, v\u00f5i kanna rahvusv\u00e4rve ning v\u00f5ta kaasa riigi lipp! Lions EF 2019 organiseeriad annavad iga riigi esindajale nende riigi lipu, mis kantakse p\u00e4rast paraadi lavale.<\/td>\n<\/tr>\n<\/tbody>\n<\/table>\n<p>[\/vc_column_text][\/vc_tta_section][\/vc_tta_accordion][vc_column_text]<span style=\"font-size: 18pt;\">16:00-17:30<\/span>[\/vc_column_text][vc_tta_accordion style=&#8221;modern&#8221; shape=&#8221;square&#8221; active_section=&#8221;&#8221; collapsible_all=&#8221;true&#8221;][vc_tta_section title=&#8221;Avatseremoonia &#8211; Eesti Euroopas ja Euroopa Eestis | Alexela Kontserdimaja&#8221; tab_id=&#8221;1564667811275-916deb38-bef6&#8243; el_class=&#8221;gat&#8221;][vc_column_text]<\/p>\n<table width=\"575\">\n<tbody>\n<tr>\n<td width=\"102\">Kuup\u00e4ev<\/td>\n<td width=\"473\">\u00a0Reede, 4. oktoober<\/td>\n<\/tr>\n<tr>\n<td>Aeg<\/td>\n<td width=\"473\">16:00-17:15<\/td>\n<\/tr>\n<tr>\n<td>Teema<\/td>\n<td width=\"473\">Avatseremoonia &#8211; Eesti Euroopas ja Euroopa Eestis.<\/td>\n<\/tr>\n<tr>\n<td>Asukoht<\/td>\n<td width=\"473\">Alexela Kontserdimaja<\/td>\n<\/tr>\n<tr>\n<td>Sihtr\u00fchm<\/td>\n<td width=\"473\">Lionid, Leod, k\u00fclalised ja nende kaaslased<\/td>\n<\/tr>\n<tr>\n<td>V\u00f5\u00f5rustaja<\/td>\n<td width=\"473\">PID Kalle Elster, Foorumi president<\/td>\n<\/tr>\n<tr>\n<td>\u00dcrituse juht<\/td>\n<td width=\"473\">Janek Reimal<\/td>\n<\/tr>\n<tr>\n<td>Tseremoonia juht<\/td>\n<td width=\"473\">Anu V\u00e4lba<\/td>\n<\/tr>\n<tr>\n<td>Kirjeldus<\/td>\n<td width=\"473\">\n<div id=\"docs-chrome\" class=\"docs-material companion-enabled\" tabindex=\"0\" role=\"group\">\n<div id=\"docs-additional-bars\">\n<div id=\"waffle-editorsized-bar\">\n<div id=\"formula-bar\">\n<div id=\"t-formula-bar-input-container\">\n<div dir=\"ltr\">\n<div id=\"t-formula-bar-input\" spellcheck=\"false\">\n<div class=\"cell-input\" dir=\"ltr\" tabindex=\"0\" role=\"combobox\" contenteditable=\"true\" aria-autocomplete=\"list\" aria-label=\"E151\">Lions Euroopa foorumi ava- ja l\u00f5putseremoonia ideeks on tutvustada eurooplastele lionite tegevust Eestis ja seotust Euroopaga. Muusikaline programm koosneb tuntud Euroopa heliloojate kompositsioonidest kombineerituna Eesti folkmuusika ja \u00fcrgsete r\u00fctmidega. Sellest on ka tingitud artistide valik: Estonian Voices, Veljo Tormis, Arvo P\u00e4rt ja Rein Rannap. K\u00e4esolevas loetelus olevad artistid pakuvad mitmek\u00fclgset muusikalist elamust: Estonian Voices &#8211; kaasaegne muusika segatuna \u00fcrgsete r\u00fctmidega, v\u00e4ga eestimaine ja v\u00f5imas: Veljo Tormis, kaunis kammermuusika Arvo P\u00e4rdilt, Rock\u2019n\u2019roll ja eepiline: Rein Rannap. Muusikaline kava Sander M\u00f6lderi poolt.<\/div>\n<\/div>\n<\/div>\n<\/div>\n<\/div>\n<\/div>\n<\/div>\n<\/div>\n<\/td>\n<\/tr>\n<\/tbody>\n<\/table>\n<p>[\/vc_column_text][\/vc_tta_section][\/vc_tta_accordion][vc_column_text]<span style=\"font-size: 18pt;\">17:30-20:30<\/span>[\/vc_column_text][vc_tta_accordion style=&#8221;modern&#8221; shape=&#8221;square&#8221; active_section=&#8221;&#8221; collapsible_all=&#8221;true&#8221;][vc_tta_section title=&#8221;Vastuv\u00f5tu \u00f5htu | Alexela Kontserdimaja&#8221; tab_id=&#8221;1564667862983-8156612f-8537&#8243; el_class=&#8221;gat&#8221;][vc_column_text]<\/p>\n<table width=\"575\">\n<tbody>\n<tr>\n<td width=\"102\">Kuup\u00e4ev<\/td>\n<td width=\"473\">\u00a0Reede, 4. oktoober<\/td>\n<\/tr>\n<tr>\n<td>Aeg<\/td>\n<td width=\"473\">17:30-20:30<\/td>\n<\/tr>\n<tr>\n<td>Teema<\/td>\n<td width=\"473\">Vastuv\u00f5tu \u00f5htu<\/td>\n<\/tr>\n<tr>\n<td>Asukoht<\/td>\n<td width=\"473\">Alexela Kontserdimaja<\/td>\n<\/tr>\n<tr>\n<td>Sihtr\u00fchm<\/td>\n<td width=\"473\">Lionid, Leod, k\u00fclalised ja nende kaaslased<\/td>\n<\/tr>\n<tr>\n<td>V\u00f5\u00f5rustaja<\/td>\n<td width=\"473\">Lion Raivo Vilbaste<\/td>\n<\/tr>\n<tr>\n<td>\u00dcrituste juht<\/td>\n<td width=\"473\">Janek Reimal<\/td>\n<\/tr>\n<tr>\n<td>Tseremoonia juht<\/td>\n<td width=\"473\">Anu V\u00e4lba<\/td>\n<\/tr>\n<tr>\n<td>Kirjeldus<\/td>\n<td width=\"473\">Avatseremooniale j\u00e4rgneb Eesti teemaline vastuv\u00f5tu \u00f5htu, kus tutvustame, mida meie v\u00e4ikesel riigil pakkuda on. Muusikat teeb folkansambel Untsakad.<\/td>\n<\/tr>\n<\/tbody>\n<\/table>\n<p>[\/vc_column_text][\/vc_tta_section][\/vc_tta_accordion][vc_column_text]<span style=\"font-size: 18pt;\">21.00-<\/span>[\/vc_column_text][vc_tta_accordion style=&#8221;modern&#8221; shape=&#8221;square&#8221; active_section=&#8221;&#8221; collapsible_all=&#8221;true&#8221;][vc_tta_section title=&#8221;Ametlik j\u00e4relpidu | Amigo \u00d6\u00f6klubi (Sokos Hotel Viru)&#8221; tab_id=&#8221;1564667921270-624201c4-906c&#8221; el_class=&#8221;gat&#8221;][vc_column_text]<\/p>\n<table width=\"575\">\n<tbody>\n<tr>\n<td width=\"102\">Kuup\u00e4ev<\/td>\n<td width=\"473\">\u00a0Reede, 4. oktoober<\/td>\n<\/tr>\n<tr>\n<td>Aeg<\/td>\n<td width=\"473\">21:00 &#8211;<\/td>\n<\/tr>\n<tr>\n<td>Teema<\/td>\n<td width=\"473\">Ametlik j\u00e4relpidu<\/td>\n<\/tr>\n<tr>\n<td>Asukoht<\/td>\n<td width=\"473\">Amigo \u00d6\u00f6klubi (Sokos Hotel Viru)<\/td>\n<\/tr>\n<tr>\n<td>Sihtr\u00fchm<\/td>\n<td width=\"473\">Lionid, Leod, k\u00fclalised ja nende kaaslased<\/td>\n<\/tr>\n<tr>\n<td>Kirjeldus<\/td>\n<td width=\"473\">Ametlik j\u00e4relpidu k\u00f5igile foorumi osalejatele. Lions EF osalejatele on sissep\u00e4\u00e4s tasuta.<\/td>\n<\/tr>\n<\/tbody>\n<\/table>\n<p>[\/vc_column_text][\/vc_tta_section][\/vc_tta_accordion][\/vc_column][vc_column width=&#8221;1\/4&#8243;][vc_column_text css=&#8221;.vc_custom_1553071082609{padding-left: 15px !important;background-color: #d8d8d8 !important;border-radius: 1px !important;}&#8221;]<\/p>\n<h4><a href=\"https:\/\/www.europaforum2019.ee\/et\/thursday\/\"><span style=\"font-size: 10pt;\">Neljap\u00e4ev 10\/03\/2019<\/span><\/a><\/h4>\n<p>[\/vc_column_text][vc_column_text css=&#8221;.vc_custom_1553071092850{padding-left: 15px !important;background-color: #d8d8d8 !important;border-radius: 1px !important;}&#8221;]<\/p>\n<h4><a href=\"https:\/\/www.europaforum2019.ee\/et\/friday\/\"><span style=\"font-size: 10pt;\">Reede 10\/04\/2019<\/span><\/a><\/h4>\n<p>[\/vc_column_text][vc_column_text css=&#8221;.vc_custom_1553071111024{padding-left: 15px !important;background-color: #d8d8d8 !important;border-radius: 1px !important;}&#8221;]<\/p>\n<h4><a href=\"https:\/\/www.europaforum2019.ee\/et\/saturday\/\"><span style=\"font-size: 10pt;\">Laup\u00e4ev 10\/05\/2019<\/span><\/a><\/h4>\n<p>[\/vc_column_text][vc_column_text css=&#8221;.vc_custom_1553071122542{padding-left: 15px !important;background-color: #d8d8d8 !important;border-radius: 1px !important;}&#8221;]<\/p>\n<h4><a href=\"https:\/\/www.europaforum2019.ee\/et\/sunday\/\"><span style=\"font-size: 10pt;\">P\u00fchap\u00e4ev 10\/06\/2019<\/span><\/a><\/h4>\n<p>[\/vc_column_text][vc_empty_space][\/vc_column][\/vc_row][vc_row][vc_column width=&#8221;3\/4&#8243;][vc_column_text el_class=&#8221;colorcodes&#8221;]<\/p>\n<table style=\"height: 153px; width: 87.4909%; border-collapse: collapse;\" border=\"0\" cellpadding=\"5\">\n<tbody>\n<tr style=\"height: 25px; border: 0;\">\n<td style=\"width: 3.85714%; background-color: #00b0f0; height: 38px; border: 0px none;\"><\/td>\n<td style=\"width: 31.1886%; height: 38px; border: 0px none; padding-left: 5px;\"><span style=\"font-size: 10pt;\">Social &amp; Agora<\/span><\/td>\n<td style=\"width: 3.86685%; background-color: #ffff00; height: 38px; border: 0px none;\"><\/td>\n<td style=\"width: 33.6587%; height: 38px; border: 0px none; padding-left: 5px;\"><span style=\"font-size: 10pt;\">Translated Main Meetings<\/span><\/td>\n<\/tr>\n<tr style=\"height: 37px;\">\n<td style=\"width: 3.85714%; height: 39px; border: 0px none; background-color: #0070c0;\"><\/td>\n<td style=\"width: 31.1886%; height: 39px; border: 0px none; padding-left: 5px;\"><span style=\"font-size: 10pt;\">International Relations Mediterranean, Euro-Africa, Euro-Asia, UNO, EU Parliament, UN-EU and Lions\u2026, etc<\/span><\/td>\n<td style=\"width: 3.86685%; background-color: #ffc000; height: 39px; border: 0px none;\"><\/td>\n<td style=\"width: 33.6587%; height: 39px; border: 0px none; padding-left: 5px;\"><span style=\"font-size: 10pt;\">Activities Service &amp; humanitarian projects, fundraisers, LCIF, etc.<\/span><\/td>\n<\/tr>\n<tr style=\"height: 32px; border: 0;\">\n<td style=\"width: 3.85714%; background-color: #92d050; height: 39px; border: 0px none;\"><\/td>\n<td style=\"width: 31.1886%; height: 39px; border: 0px none; padding-left: 5px;\"><span style=\"font-size: 10pt;\">Youth &amp; YEC<\/span><\/td>\n<td style=\"width: 3.86685%; background-color: #c00000; height: 39px; border: 0px none;\"><\/td>\n<td style=\"width: 33.6587%; height: 39px; border: 0px none; padding-left: 5px;\"><span style=\"font-size: 10pt;\">Thomas Kuti Contest (Music Contest)<br \/>\n<\/span><\/td>\n<\/tr>\n<tr style=\"height: 34px; border: 0;\">\n<td style=\"width: 3.85714%; background-color: #a6a6a6; height: 37px; border: 0px none;\"><\/td>\n<td style=\"width: 31.1886%; height: 37px; border: 0px none; padding-left: 5px;\"><span style=\"font-size: 10pt;\">Thematic meetings, including PR &amp; Communication<\/span><\/td>\n<\/tr>\n<\/tbody>\n<\/table>\n<p>[\/vc_column_text][vc_empty_space height=&#8221;20px&#8221;][\/vc_column][vc_column width=&#8221;1\/4&#8243; offset=&#8221;vc_hidden-xs&#8221;][\/vc_column][\/vc_row][vc_row][vc_column width=&#8221;3\/4&#8243; offset=&#8221;vc_hidden-lg vc_hidden-md vc_hidden-sm&#8221;][vc_empty_space height=&#8221;20px&#8221;][\/vc_column][vc_column width=&#8221;1\/4&#8243; offset=&#8221;vc_hidden-lg vc_hidden-md vc_hidden-sm&#8221;][\/vc_column][\/vc_row]<\/p>\n","protected":false},"excerpt":{"rendered":"<p>[vc_row][vc_column][\/vc_column][\/vc_row][vc_row][vc_column width=&#8221;3\/4&#8243;][vc_column_text css=&#8221;.vc_custom_1552997468124{padding-top: 20px !important;padding-bottom: 20px !important;}&#8221;] Reede 10\/04\/2019 [\/vc_column_text][vc_column_text css=&#8221;.vc_custom_1564688008786{padding-top: 20px !important;padding-bottom: 20px !important;}&#8221;] Erinevate konverentsikeskuste ruume t\u00e4histavad j\u00e4rgmised nimed: Sokos Hotel Viru\u00a0 Allegro, Andante 1, Andante 2, Bolero, Duetto, Forte, Grande, Grande 1, Grande 1+2, Grande 2, Grande 3, Semi Nordic Hotel Forum Sirius, Capella, Arcturus, Vega, Altair, Miitsar [\/vc_column_text][vc_column_text]8:30-17:30[\/vc_column_text][vc_tta_accordion style=&#8221;modern&#8221; shape=&#8221;square&#8221; active_section=&#8221;&#8221; [&hellip;]<\/p>\n","protected":false},"author":1,"featured_media":0,"parent":0,"menu_order":0,"comment_status":"closed","ping_status":"closed","template":"page-boxed.php","meta":[],"categories":[],"tags":[],"_links":{"self":[{"href":"https:\/\/www.europaforum2019.ee\/et\/wp-json\/wp\/v2\/pages\/7337"}],"collection":[{"href":"https:\/\/www.europaforum2019.ee\/et\/wp-json\/wp\/v2\/pages"}],"about":[{"href":"https:\/\/www.europaforum2019.ee\/et\/wp-json\/wp\/v2\/types\/page"}],"author":[{"embeddable":true,"href":"https:\/\/www.europaforum2019.ee\/et\/wp-json\/wp\/v2\/users\/1"}],"replies":[{"embeddable":true,"href":"https:\/\/www.europaforum2019.ee\/et\/wp-json\/wp\/v2\/comments?post=7337"}],"version-history":[{"count":26,"href":"https:\/\/www.europaforum2019.ee\/et\/wp-json\/wp\/v2\/pages\/7337\/revisions"}],"predecessor-version":[{"id":8606,"href":"https:\/\/www.europaforum2019.ee\/et\/wp-json\/wp\/v2\/pages\/7337\/revisions\/8606"}],"wp:attachment":[{"href":"https:\/\/www.europaforum2019.ee\/et\/wp-json\/wp\/v2\/media?parent=7337"}],"wp:term":[{"taxonomy":"category","embeddable":true,"href":"https:\/\/www.europaforum2019.ee\/et\/wp-json\/wp\/v2\/categories?post=7337"},{"taxonomy":"post_tag","embeddable":true,"href":"https:\/\/www.europaforum2019.ee\/et\/wp-json\/wp\/v2\/tags?post=7337"}],"curies":[{"name":"wp","href":"https:\/\/api.w.org\/{rel}","templated":true}]}}